{"id":8188,"date":"2024-03-07T15:07:28","date_gmt":"2024-03-07T14:07:28","guid":{"rendered":"https:\/\/www.paguswinetours.com\/?page_id=8188"},"modified":"2026-04-21T12:12:12","modified_gmt":"2026-04-21T10:12:12","slug":"franciacorta","status":"publish","type":"page","link":"https:\/\/www.paguswinetours.com\/it\/territori\/franciacorta\/","title":{"rendered":"Franciacorta"},"content":{"rendered":"\t\t<div data-elementor-type=\"wp-page\" data-elementor-id=\"8188\" class=\"elementor elementor-8188 elementor-8178\">\n\t\t\t\t\t\t<div class=\"elementor-section elementor-top-section elementor-element elementor-element-88c5237 elementor-section-content-middle elementor-section-stretched elementor-section-boxed elementor-section-height-default elementor-section-height-default\" data-id=\"88c5237\" data-element_type=\"section\" data-settings=\"{&quot;stretch_section&quot;:&quot;section-stretched&quot;}\">\n\t\t\t\t\t\t<div class=\"elementor-container elementor-column-gap-default\">\n\t\t\t\t\t<div class=\"elementor-column elementor-col-100 elementor-top-column elementor-element elementor-element-9064b22\" data-id=\"9064b22\" data-element_type=\"column\">\n\t\t\t<div class=\"elementor-widget-wrap elementor-element-populated\">\n\t\t\t\t\t\t<div class=\"elementor-element elementor-element-cc33e1a image-position-top elementor-widget elementor-widget-iqonic_title\" data-id=\"cc33e1a\" data-element_type=\"widget\" data-widget_type=\"iqonic_title.default\">\n\t\t\t\t<div class=\"elementor-widget-container\">\n\t\t\t\t\t\n\t<div class=\"center slainte-title-box slainte-title-box-2\">\n\t\t\t\t\t\t<div class=\"slainte-title-icon\">\n\t\t\t\t\t<img decoding=\"async\" src=\"https:\/\/www.paguswinetours.com\/wp-content\/uploads\/icon_pagus_bianco_2.png\" title=\"\" alt=\"Pagus Wine Tours\" loading=\"lazy\" \/>\t\t\t\t<\/div>\n\t\t\t\t\t\t\t\t\t\t\t\t<h2 class=\"slainte-title slainte-heading-title\">\n\t\t\t<span class=\"right-text\">Franciacorta<\/span>\n\t\t\t<span class=\"left-text-wrap wow\">\n\t\t\t\t<span class=\"left-text\"><\/span>\n\t\t\t\t<span class=\"left-text-swipe\"><\/span>\n\t\t\t<\/span>\n\n\t\t<\/h2>\n\n\t\t\t\t\n\t<\/div>\n\n\n\t\t\t\t<\/div>\n\t\t\t\t<\/div>\n\t\t\t\t<section class=\"elementor-section elementor-inner-section elementor-element elementor-element-a04a21f elementor-section-boxed elementor-section-height-default elementor-section-height-default\" data-id=\"a04a21f\" data-element_type=\"section\">\n\t\t\t\t\t\t<div class=\"elementor-container elementor-column-gap-default\">\n\t\t\t\t\t<div class=\"elementor-column elementor-col-50 elementor-inner-column elementor-element elementor-element-9f64c3e\" data-id=\"9f64c3e\" data-element_type=\"column\">\n\t\t\t<div class=\"elementor-widget-wrap elementor-element-populated\">\n\t\t\t\t\t\t<div class=\"elementor-element elementor-element-e694e7b elementor-widget elementor-widget-text-editor\" data-id=\"e694e7b\" data-element_type=\"widget\" data-widget_type=\"text-editor.default\">\n\t\t\t\t<div class=\"elementor-widget-container\">\n\t\t\t\t\t\t\t\t\t<p>A met\u00e0 strada tra Verona e Milano si trova la Franciacorta, un fazzoletto di terra di 2800 ettari vitati circa, che si estende a sud del Lago d\u2019iseo. Questa \u00e8 una zona famosa non solo per la produzione del vino omonimo, il Franciacorta DOCG, ma anche per le splendide colline, e i numerosi siti culturali e storici. Le cantine vinicole della Franciacorta sono oltre cento ed alcune sono situate in edifici di interesse architettonico ed artistico.<\/p><p>Pur vantando una lunga storia, il nuovo corso della vitivinicoltura della Franciacorta inizia a tutti gli effetti al principio degli anni sessanta con la nascita delle prime cantine. Sul finire degli anni settanta l&#8217;enologia italiana visse una fase di grande fermento e in Franciacorta diversi imprenditori investirono e puntarono sulla coltivazione della vigna. Da l\u00ec la crescita \u00e8 stata rapidissima fino ad arrivare all&#8217;odierna Franciacorta, zona vinicola italiana di sicuro riferimento nazionale per quanto attiene la produzione di Spumante Metodo Classico.<\/p><p>Ricerca, passione, innovazione e dedizione sono alcuni valori che hanno portato le bollicine Franciacorta a diventare uno dei vini Spumanti pi\u00f9 apprezzati nel mondo, tanto che, nel 1995, alla Franciacorta \u00e8 stata assegnata la prima denominazione -DOCG- per un rifermentato in bottiglia italiano.<\/p>\t\t\t\t\t\t\t\t<\/div>\n\t\t\t\t<\/div>\n\t\t\t\t<div class=\"elementor-element elementor-element-0b5e0ee elementor-widget elementor-widget-image\" data-id=\"0b5e0ee\" data-element_type=\"widget\" data-widget_type=\"image.default\">\n\t\t\t\t<div class=\"elementor-widget-container\">\n\t\t\t\t\t\t\t\t\t\t\t\t\t\t\t<img fetchpriority=\"high\" decoding=\"async\" width=\"1288\" height=\"796\" src=\"https:\/\/www.paguswinetours.com\/wp-content\/uploads\/franciacorta-at-2x-1.png\" class=\"attachment-full size-full wp-image-10734\" alt=\"Franciacorta\" srcset=\"https:\/\/www.paguswinetours.com\/wp-content\/uploads\/franciacorta-at-2x-1.png 1288w, https:\/\/www.paguswinetours.com\/wp-content\/uploads\/franciacorta-at-2x-1-300x185.png 300w, https:\/\/www.paguswinetours.com\/wp-content\/uploads\/franciacorta-at-2x-1-1024x633.png 1024w, https:\/\/www.paguswinetours.com\/wp-content\/uploads\/franciacorta-at-2x-1-768x475.png 768w, https:\/\/www.paguswinetours.com\/wp-content\/uploads\/franciacorta-at-2x-1-600x371.png 600w\" sizes=\"100vw\" \/>\t\t\t\t\t\t\t\t\t\t\t\t\t\t\t<\/div>\n\t\t\t\t<\/div>\n\t\t\t\t\t<\/div>\n\t\t<\/div>\n\t\t\t\t<div class=\"elementor-column elementor-col-50 elementor-inner-column elementor-element elementor-element-db7b3e6\" data-id=\"db7b3e6\" data-element_type=\"column\">\n\t\t\t<div class=\"elementor-widget-wrap elementor-element-populated\">\n\t\t\t\t\t\t<div class=\"elementor-element elementor-element-3fdf63d elementor-widget elementor-widget-image\" data-id=\"3fdf63d\" data-element_type=\"widget\" data-widget_type=\"image.default\">\n\t\t\t\t<div class=\"elementor-widget-container\">\n\t\t\t\t\t\t\t\t\t\t\t\t\t\t\t<img decoding=\"async\" width=\"900\" height=\"598\" src=\"https:\/\/www.paguswinetours.com\/wp-content\/uploads\/pagus-franciacorta-1.jpeg\" class=\"attachment-full size-full wp-image-10732\" alt=\"Franciacorta\" srcset=\"https:\/\/www.paguswinetours.com\/wp-content\/uploads\/pagus-franciacorta-1.jpeg 900w, https:\/\/www.paguswinetours.com\/wp-content\/uploads\/pagus-franciacorta-1-300x199.jpeg 300w, https:\/\/www.paguswinetours.com\/wp-content\/uploads\/pagus-franciacorta-1-768x510.jpeg 768w, https:\/\/www.paguswinetours.com\/wp-content\/uploads\/pagus-franciacorta-1-600x399.jpeg 600w\" sizes=\"100vw\" \/>\t\t\t\t\t\t\t\t\t\t\t\t\t\t\t<\/div>\n\t\t\t\t<\/div>\n\t\t\t\t<div class=\"elementor-element elementor-element-97b6e2e elementor-widget elementor-widget-text-editor\" data-id=\"97b6e2e\" data-element_type=\"widget\" data-widget_type=\"text-editor.default\">\n\t\t\t\t<div class=\"elementor-widget-container\">\n\t\t\t\t\t\t\t\t\t<p>Il vino Franciacorta DOCG si ottiene da uve Chardonnay e\/o Pinot Nero e\/o Pinot Bianco e\/o Erbamat \u2013una variet\u00e0 autoctona- ed \u00e8 prodotto in tre tipologie: Franciacorta DOCG, Franciacorta Sat\u00e8n DOCG (ottenuto solo da uve a bacca bianca) e Franciacorta Ros\u00e9 DOCG (25% almeno di Pinot Nero). Oltre ad essi si producono anche il Franciacorta DOCG Millesimato (con uve provenienti almeno per l\u201985% dalla stessa annata riportata sull\u2019etichetta) e il Franciacorta DOCG Riserva (con affinamento sui lieviti di almeno 60 mesi), i vini pi\u00f9 prestigiosi della Denominazione, e che necessitano di affinamenti pi\u00f9 lunghi.<\/p><p>Dal punto di vista del contenuto zuccherino sono ammesse le seguenti tipologie: Dosaggio zero, Extra Brut, Brut, Extra Dry, Sec e Demi-Sec ad eccezione della tipologia \u201cSat\u00e8n\u201d per cui \u00e8 prevista solo la versione Brut.<\/p><p>Dal luglio 2008, con la pubblicazione del nuovo disciplinare, il nome della DOC &#8220;Terre di Franciacorta&#8221;, utilizzata per i vini fermi rossi e bianchi qui prodotti, \u00e8 stato sostituito con Curtefranca DOC.<\/p><p>Se siete curiosi di conoscere meglio la Franciacorta con i suoi scorci mozzafiato tra filari e borghi pittoreschi, e volete assaporare l\u2019eleganza e il fascino delle sue bollicine prenotate un wine-tour assieme a Pagus Wine Tours, vi aspettiamo!<\/p>\t\t\t\t\t\t\t\t<\/div>\n\t\t\t\t<\/div>\n\t\t\t\t\t<\/div>\n\t\t<\/div>\n\t\t\t\t\t<\/div>\n\t\t<\/section>\n\t\t\t\t<div class=\"elementor-element elementor-element-0ca66aa elementor-widget elementor-widget-iqonic_title\" data-id=\"0ca66aa\" data-element_type=\"widget\" data-widget_type=\"iqonic_title.default\">\n\t\t\t\t<div class=\"elementor-widget-container\">\n\t\t\t\t\t\n\t<div class=\"center slainte-title-box slainte-title-box-2\">\n\t\t\t\t\t\t<h2 class=\"slainte-title slainte-heading-title\">\n\t\t\t<span class=\"right-text\">FAQ<\/span>\n\t\t\t<span class=\"left-text-wrap wow\">\n\t\t\t\t<span class=\"left-text\"><\/span>\n\t\t\t\t<span class=\"left-text-swipe\"><\/span>\n\t\t\t<\/span>\n\n\t\t<\/h2>\n\n\t\t\t\t\t\t\n\t<\/div>\n\n\n\t\t\t\t<\/div>\n\t\t\t\t<\/div>\n\t\t\t\t<div class=\"elementor-element elementor-element-82a5bdf elementor-widget elementor-widget-n-accordion\" data-id=\"82a5bdf\" data-element_type=\"widget\" data-settings=\"{&quot;default_state&quot;:&quot;all_collapsed&quot;,&quot;max_items_expended&quot;:&quot;one&quot;,&quot;n_accordion_animation_duration&quot;:{&quot;unit&quot;:&quot;ms&quot;,&quot;size&quot;:400,&quot;sizes&quot;:[]}}\" data-widget_type=\"nested-accordion.default\">\n\t\t\t\t<div class=\"elementor-widget-container\">\n\t\t\t\t\t\t\t<div class=\"e-n-accordion\" aria-label=\"Accordion. Open links with Enter or Space, close with Escape, and navigate with Arrow Keys\">\n\t\t\t\t\t\t<details id=\"e-n-accordion-item-1360\" class=\"e-n-accordion-item\" >\n\t\t\t\t<summary class=\"e-n-accordion-item-title\" data-accordion-index=\"1\" tabindex=\"0\" aria-expanded=\"false\" aria-controls=\"e-n-accordion-item-1360\" >\n\t\t\t\t\t<span class='e-n-accordion-item-title-header'><div class=\"e-n-accordion-item-title-text\"> Dove si trova la Franciacorta? <\/div><\/span>\n\t\t\t\t\t\t\t<span class='e-n-accordion-item-title-icon'>\n\t\t\t<span class='e-opened' ><svg aria-hidden=\"true\" class=\"e-font-icon-svg e-fas-minus\" viewBox=\"0 0 448 512\" xmlns=\"http:\/\/www.w3.org\/2000\/svg\"><path d=\"M416 208H32c-17.67 0-32 14.33-32 32v32c0 17.67 14.33 32 32 32h384c17.67 0 32-14.33 32-32v-32c0-17.67-14.33-32-32-32z\"><\/path><\/svg><\/span>\n\t\t\t<span class='e-closed'><svg aria-hidden=\"true\" class=\"e-font-icon-svg e-fas-plus\" viewBox=\"0 0 448 512\" xmlns=\"http:\/\/www.w3.org\/2000\/svg\"><path d=\"M416 208H272V64c0-17.67-14.33-32-32-32h-32c-17.67 0-32 14.33-32 32v144H32c-17.67 0-32 14.33-32 32v32c0 17.67 14.33 32 32 32h144v144c0 17.67 14.33 32 32 32h32c17.67 0 32-14.33 32-32V304h144c17.67 0 32-14.33 32-32v-32c0-17.67-14.33-32-32-32z\"><\/path><\/svg><\/span>\n\t\t<\/span>\n\n\t\t\t\t\t\t<\/summary>\n\t\t\t\t<div role=\"region\" aria-labelledby=\"e-n-accordion-item-1360\" class=\"elementor-element elementor-element-d7442a5 e-con-full e-flex e-con e-child\" data-id=\"d7442a5\" data-element_type=\"container\">\n\t\t\t\t<div class=\"elementor-element elementor-element-5f22117 elementor-widget elementor-widget-text-editor\" data-id=\"5f22117\" data-element_type=\"widget\" data-widget_type=\"text-editor.default\">\n\t\t\t\t<div class=\"elementor-widget-container\">\n\t\t\t\t\t\t\t\t\t<p><span style=\"font-weight: 400;\">La Franciacorta si trova in Lombardia, in provincia di Brescia, situata precisamente sulla sponda meridionale del Lago d\u2019Iseo.<\/span><\/p>\t\t\t\t\t\t\t\t<\/div>\n\t\t\t\t<\/div>\n\t\t\t\t<\/div>\n\t\t\t\t\t<\/details>\n\t\t\t\t\t\t<details id=\"e-n-accordion-item-1361\" class=\"e-n-accordion-item\" >\n\t\t\t\t<summary class=\"e-n-accordion-item-title\" data-accordion-index=\"2\" tabindex=\"-1\" aria-expanded=\"false\" aria-controls=\"e-n-accordion-item-1361\" >\n\t\t\t\t\t<span class='e-n-accordion-item-title-header'><div class=\"e-n-accordion-item-title-text\"> Perch\u00e9 si chiama Franciacorta? <\/div><\/span>\n\t\t\t\t\t\t\t<span class='e-n-accordion-item-title-icon'>\n\t\t\t<span class='e-opened' ><svg aria-hidden=\"true\" class=\"e-font-icon-svg e-fas-minus\" viewBox=\"0 0 448 512\" xmlns=\"http:\/\/www.w3.org\/2000\/svg\"><path d=\"M416 208H32c-17.67 0-32 14.33-32 32v32c0 17.67 14.33 32 32 32h384c17.67 0 32-14.33 32-32v-32c0-17.67-14.33-32-32-32z\"><\/path><\/svg><\/span>\n\t\t\t<span class='e-closed'><svg aria-hidden=\"true\" class=\"e-font-icon-svg e-fas-plus\" viewBox=\"0 0 448 512\" xmlns=\"http:\/\/www.w3.org\/2000\/svg\"><path d=\"M416 208H272V64c0-17.67-14.33-32-32-32h-32c-17.67 0-32 14.33-32 32v144H32c-17.67 0-32 14.33-32 32v32c0 17.67 14.33 32 32 32h144v144c0 17.67 14.33 32 32 32h32c17.67 0 32-14.33 32-32V304h144c17.67 0 32-14.33 32-32v-32c0-17.67-14.33-32-32-32z\"><\/path><\/svg><\/span>\n\t\t<\/span>\n\n\t\t\t\t\t\t<\/summary>\n\t\t\t\t<div role=\"region\" aria-labelledby=\"e-n-accordion-item-1361\" class=\"elementor-element elementor-element-3edfc56 e-flex e-con-boxed e-con e-child\" data-id=\"3edfc56\" data-element_type=\"container\">\n\t\t\t\t\t<div class=\"e-con-inner\">\n\t\t\t\t<div class=\"elementor-element elementor-element-ed234ce elementor-widget elementor-widget-text-editor\" data-id=\"ed234ce\" data-element_type=\"widget\" data-widget_type=\"text-editor.default\">\n\t\t\t\t<div class=\"elementor-widget-container\">\n\t\t\t\t\t\t\t\t\t<p><span style=\"font-weight: 400;\">Il nome \u201cFranciacorta\u201d deriva da \u201ccurtes francae\u201d, ovvero corti franche, in riferimento ai monasteri che nel Medioevo erano esenti dal pagamento delle tasse.<\/span><\/p>\t\t\t\t\t\t\t\t<\/div>\n\t\t\t\t<\/div>\n\t\t\t\t\t<\/div>\n\t\t\t\t<\/div>\n\t\t\t\t\t<\/details>\n\t\t\t\t\t\t<details id=\"e-n-accordion-item-1362\" class=\"e-n-accordion-item\" >\n\t\t\t\t<summary class=\"e-n-accordion-item-title\" data-accordion-index=\"3\" tabindex=\"-1\" aria-expanded=\"false\" aria-controls=\"e-n-accordion-item-1362\" >\n\t\t\t\t\t<span class='e-n-accordion-item-title-header'><div class=\"e-n-accordion-item-title-text\"> Quali tour proponete in Franciacorta? <\/div><\/span>\n\t\t\t\t\t\t\t<span class='e-n-accordion-item-title-icon'>\n\t\t\t<span class='e-opened' ><svg aria-hidden=\"true\" class=\"e-font-icon-svg e-fas-minus\" viewBox=\"0 0 448 512\" xmlns=\"http:\/\/www.w3.org\/2000\/svg\"><path d=\"M416 208H32c-17.67 0-32 14.33-32 32v32c0 17.67 14.33 32 32 32h384c17.67 0 32-14.33 32-32v-32c0-17.67-14.33-32-32-32z\"><\/path><\/svg><\/span>\n\t\t\t<span class='e-closed'><svg aria-hidden=\"true\" class=\"e-font-icon-svg e-fas-plus\" viewBox=\"0 0 448 512\" xmlns=\"http:\/\/www.w3.org\/2000\/svg\"><path d=\"M416 208H272V64c0-17.67-14.33-32-32-32h-32c-17.67 0-32 14.33-32 32v144H32c-17.67 0-32 14.33-32 32v32c0 17.67 14.33 32 32 32h144v144c0 17.67 14.33 32 32 32h32c17.67 0 32-14.33 32-32V304h144c17.67 0 32-14.33 32-32v-32c0-17.67-14.33-32-32-32z\"><\/path><\/svg><\/span>\n\t\t<\/span>\n\n\t\t\t\t\t\t<\/summary>\n\t\t\t\t<div role=\"region\" aria-labelledby=\"e-n-accordion-item-1362\" class=\"elementor-element elementor-element-ad49ceb e-con-full e-flex e-con e-child\" data-id=\"ad49ceb\" data-element_type=\"container\">\n\t\t\t\t<div class=\"elementor-element elementor-element-3d34cc2 elementor-widget elementor-widget-text-editor\" data-id=\"3d34cc2\" data-element_type=\"widget\" data-widget_type=\"text-editor.default\">\n\t\t\t\t<div class=\"elementor-widget-container\">\n\t\t\t\t\t\t\t\t\t<p><span style=\"font-weight: 400;\">Tra i tour da noi offerti ne abbiamo dedicato uno in particolare alla terra del Franciacorta, zona conosciuta e rinomata per i suoi eleganti vini spumanti:<\/span><\/p><p><span style=\"font-weight: 400;\"><strong>I vini della Franciacorta:<\/strong> 8,5 h circa, qui scoprirai il fascino di questa terra nella provincia di Brescia e i suoi famosi spumanti. Nel tour \u00e8 incluso un percorso in collina seguito da un incontro con un produttore locale con degustazione; raggiungerete poi un ristorante locale e, infine, ci sar\u00e0 una visita in un altro vigneto della Franciacorta. <\/span><a href=\"https:\/\/www.paguswinetours.com\/it\/degustazioni-private\/i-vini-della-franciacorta\/\"><span style=\"font-weight: 400;\">https:\/\/www.paguswinetours.com\/it\/degustazioni-private\/i-vini-della-franciacorta\/<\/span><\/a><\/p>\t\t\t\t\t\t\t\t<\/div>\n\t\t\t\t<\/div>\n\t\t\t\t<\/div>\n\t\t\t\t\t<\/details>\n\t\t\t\t\t\t<details id=\"e-n-accordion-item-1363\" class=\"e-n-accordion-item\" >\n\t\t\t\t<summary class=\"e-n-accordion-item-title\" data-accordion-index=\"4\" tabindex=\"-1\" aria-expanded=\"false\" aria-controls=\"e-n-accordion-item-1363\" >\n\t\t\t\t\t<span class='e-n-accordion-item-title-header'><div class=\"e-n-accordion-item-title-text\"> Se volessi raggiungere la Franciacorta in autonomia, quali opzioni ho? <\/div><\/span>\n\t\t\t\t\t\t\t<span class='e-n-accordion-item-title-icon'>\n\t\t\t<span class='e-opened' ><svg aria-hidden=\"true\" class=\"e-font-icon-svg e-fas-minus\" viewBox=\"0 0 448 512\" xmlns=\"http:\/\/www.w3.org\/2000\/svg\"><path d=\"M416 208H32c-17.67 0-32 14.33-32 32v32c0 17.67 14.33 32 32 32h384c17.67 0 32-14.33 32-32v-32c0-17.67-14.33-32-32-32z\"><\/path><\/svg><\/span>\n\t\t\t<span class='e-closed'><svg aria-hidden=\"true\" class=\"e-font-icon-svg e-fas-plus\" viewBox=\"0 0 448 512\" xmlns=\"http:\/\/www.w3.org\/2000\/svg\"><path d=\"M416 208H272V64c0-17.67-14.33-32-32-32h-32c-17.67 0-32 14.33-32 32v144H32c-17.67 0-32 14.33-32 32v32c0 17.67 14.33 32 32 32h144v144c0 17.67 14.33 32 32 32h32c17.67 0 32-14.33 32-32V304h144c17.67 0 32-14.33 32-32v-32c0-17.67-14.33-32-32-32z\"><\/path><\/svg><\/span>\n\t\t<\/span>\n\n\t\t\t\t\t\t<\/summary>\n\t\t\t\t<div role=\"region\" aria-labelledby=\"e-n-accordion-item-1363\" class=\"elementor-element elementor-element-b0b220a e-con-full e-flex e-con e-child\" data-id=\"b0b220a\" data-element_type=\"container\">\n\t\t\t\t<div class=\"elementor-element elementor-element-5d79862 elementor-widget elementor-widget-text-editor\" data-id=\"5d79862\" data-element_type=\"widget\" data-widget_type=\"text-editor.default\">\n\t\t\t\t<div class=\"elementor-widget-container\">\n\t\t\t\t\t\t\t\t\t<p><span style=\"font-weight: 400;\">La Franciacorta dista circa 90 chilometri da Verona, in auto \u00e8 possibile raggiungerla tramite l\u2019autostrada A4 e, in un\u2019ora di strada, si giunge a destinazione. Per quanto riguarda i mezzi pubblici invece \u00e8 possibile prendere il treno presso la stazione Porta nuova di Verona diretto a Milano Centrale e scendere a Brescia; una volta scesi da Brescia partono numerosi autobus per raggiungere la Franciacorta e aree limitrofe.\u00a0<\/span><\/p>\t\t\t\t\t\t\t\t<\/div>\n\t\t\t\t<\/div>\n\t\t\t\t<\/div>\n\t\t\t\t\t<\/details>\n\t\t\t\t\t\t<details id=\"e-n-accordion-item-1364\" class=\"e-n-accordion-item\" >\n\t\t\t\t<summary class=\"e-n-accordion-item-title\" data-accordion-index=\"5\" tabindex=\"-1\" aria-expanded=\"false\" aria-controls=\"e-n-accordion-item-1364\" >\n\t\t\t\t\t<span class='e-n-accordion-item-title-header'><div class=\"e-n-accordion-item-title-text\"> Quali sono i vitigni principali della Franciacorta? <\/div><\/span>\n\t\t\t\t\t\t\t<span class='e-n-accordion-item-title-icon'>\n\t\t\t<span class='e-opened' ><svg aria-hidden=\"true\" class=\"e-font-icon-svg e-fas-minus\" viewBox=\"0 0 448 512\" xmlns=\"http:\/\/www.w3.org\/2000\/svg\"><path d=\"M416 208H32c-17.67 0-32 14.33-32 32v32c0 17.67 14.33 32 32 32h384c17.67 0 32-14.33 32-32v-32c0-17.67-14.33-32-32-32z\"><\/path><\/svg><\/span>\n\t\t\t<span class='e-closed'><svg aria-hidden=\"true\" class=\"e-font-icon-svg e-fas-plus\" viewBox=\"0 0 448 512\" xmlns=\"http:\/\/www.w3.org\/2000\/svg\"><path d=\"M416 208H272V64c0-17.67-14.33-32-32-32h-32c-17.67 0-32 14.33-32 32v144H32c-17.67 0-32 14.33-32 32v32c0 17.67 14.33 32 32 32h144v144c0 17.67 14.33 32 32 32h32c17.67 0 32-14.33 32-32V304h144c17.67 0 32-14.33 32-32v-32c0-17.67-14.33-32-32-32z\"><\/path><\/svg><\/span>\n\t\t<\/span>\n\n\t\t\t\t\t\t<\/summary>\n\t\t\t\t<div role=\"region\" aria-labelledby=\"e-n-accordion-item-1364\" class=\"elementor-element elementor-element-14504f3 e-flex e-con-boxed e-con e-child\" data-id=\"14504f3\" data-element_type=\"container\">\n\t\t\t\t\t<div class=\"e-con-inner\">\n\t\t\t\t<div class=\"elementor-element elementor-element-33cc1e2 elementor-widget elementor-widget-text-editor\" data-id=\"33cc1e2\" data-element_type=\"widget\" data-widget_type=\"text-editor.default\">\n\t\t\t\t<div class=\"elementor-widget-container\">\n\t\t\t\t\t\t\t\t\t<p><span style=\"font-weight: 400;\">I vitigni protagonisti di questa rinomata zona sono principalmente Chardonnay, Pinot Bianco ed infine anche Pinot Nero, usato soprattutto per le versioni ros\u00e8.\u00a0<\/span><\/p>\t\t\t\t\t\t\t\t<\/div>\n\t\t\t\t<\/div>\n\t\t\t\t\t<\/div>\n\t\t\t\t<\/div>\n\t\t\t\t\t<\/details>\n\t\t\t\t\t\t<details id=\"e-n-accordion-item-1365\" class=\"e-n-accordion-item\" >\n\t\t\t\t<summary class=\"e-n-accordion-item-title\" data-accordion-index=\"6\" tabindex=\"-1\" aria-expanded=\"false\" aria-controls=\"e-n-accordion-item-1365\" >\n\t\t\t\t\t<span class='e-n-accordion-item-title-header'><div class=\"e-n-accordion-item-title-text\"> Quali sono i vini spumanti che caratterizzano e rendono famosa la Franciacorta? <\/div><\/span>\n\t\t\t\t\t\t\t<span class='e-n-accordion-item-title-icon'>\n\t\t\t<span class='e-opened' ><svg aria-hidden=\"true\" class=\"e-font-icon-svg e-fas-minus\" viewBox=\"0 0 448 512\" xmlns=\"http:\/\/www.w3.org\/2000\/svg\"><path d=\"M416 208H32c-17.67 0-32 14.33-32 32v32c0 17.67 14.33 32 32 32h384c17.67 0 32-14.33 32-32v-32c0-17.67-14.33-32-32-32z\"><\/path><\/svg><\/span>\n\t\t\t<span class='e-closed'><svg aria-hidden=\"true\" class=\"e-font-icon-svg e-fas-plus\" viewBox=\"0 0 448 512\" xmlns=\"http:\/\/www.w3.org\/2000\/svg\"><path d=\"M416 208H272V64c0-17.67-14.33-32-32-32h-32c-17.67 0-32 14.33-32 32v144H32c-17.67 0-32 14.33-32 32v32c0 17.67 14.33 32 32 32h144v144c0 17.67 14.33 32 32 32h32c17.67 0 32-14.33 32-32V304h144c17.67 0 32-14.33 32-32v-32c0-17.67-14.33-32-32-32z\"><\/path><\/svg><\/span>\n\t\t<\/span>\n\n\t\t\t\t\t\t<\/summary>\n\t\t\t\t<div role=\"region\" aria-labelledby=\"e-n-accordion-item-1365\" class=\"elementor-element elementor-element-318dc2a e-flex e-con-boxed e-con e-child\" data-id=\"318dc2a\" data-element_type=\"container\">\n\t\t\t\t\t<div class=\"e-con-inner\">\n\t\t\t\t<div class=\"elementor-element elementor-element-f5f8f9f elementor-widget elementor-widget-text-editor\" data-id=\"f5f8f9f\" data-element_type=\"widget\" data-widget_type=\"text-editor.default\">\n\t\t\t\t<div class=\"elementor-widget-container\">\n\t\t\t\t\t\t\t\t\t<p><span style=\"font-weight: 400;\">La regione della Franciacorta \u00e8 nota soprattutto per i suoi vini spumanti, partendo dal Franciacorta DOCG prodotto con il metodo classico (ovvero con la rifermentazione in bottiglia), Franciacorta Sat\u00e8n (versione pi\u00f9 morbida), Franciacorta Ros\u00e8 (con note fruttate e maggiore struttura), Franciacorta Millesimato ed infine il Franciacorta Riserva.<\/span><\/p>\t\t\t\t\t\t\t\t<\/div>\n\t\t\t\t<\/div>\n\t\t\t\t\t<\/div>\n\t\t\t\t<\/div>\n\t\t\t\t\t<\/details>\n\t\t\t\t\t\t<details id=\"e-n-accordion-item-1366\" class=\"e-n-accordion-item\" >\n\t\t\t\t<summary class=\"e-n-accordion-item-title\" data-accordion-index=\"7\" tabindex=\"-1\" aria-expanded=\"false\" aria-controls=\"e-n-accordion-item-1366\" >\n\t\t\t\t\t<span class='e-n-accordion-item-title-header'><div class=\"e-n-accordion-item-title-text\"> Quali sono gli abbinamenti gastronomici perfetti per un Franciacorta DOCG? <\/div><\/span>\n\t\t\t\t\t\t\t<span class='e-n-accordion-item-title-icon'>\n\t\t\t<span class='e-opened' ><svg aria-hidden=\"true\" class=\"e-font-icon-svg e-fas-minus\" viewBox=\"0 0 448 512\" xmlns=\"http:\/\/www.w3.org\/2000\/svg\"><path d=\"M416 208H32c-17.67 0-32 14.33-32 32v32c0 17.67 14.33 32 32 32h384c17.67 0 32-14.33 32-32v-32c0-17.67-14.33-32-32-32z\"><\/path><\/svg><\/span>\n\t\t\t<span class='e-closed'><svg aria-hidden=\"true\" class=\"e-font-icon-svg e-fas-plus\" viewBox=\"0 0 448 512\" xmlns=\"http:\/\/www.w3.org\/2000\/svg\"><path d=\"M416 208H272V64c0-17.67-14.33-32-32-32h-32c-17.67 0-32 14.33-32 32v144H32c-17.67 0-32 14.33-32 32v32c0 17.67 14.33 32 32 32h144v144c0 17.67 14.33 32 32 32h32c17.67 0 32-14.33 32-32V304h144c17.67 0 32-14.33 32-32v-32c0-17.67-14.33-32-32-32z\"><\/path><\/svg><\/span>\n\t\t<\/span>\n\n\t\t\t\t\t\t<\/summary>\n\t\t\t\t<div role=\"region\" aria-labelledby=\"e-n-accordion-item-1366\" class=\"elementor-element elementor-element-927f3e1 e-flex e-con-boxed e-con e-child\" data-id=\"927f3e1\" data-element_type=\"container\">\n\t\t\t\t\t<div class=\"e-con-inner\">\n\t\t\t\t<div class=\"elementor-element elementor-element-aec2f70 elementor-widget elementor-widget-text-editor\" data-id=\"aec2f70\" data-element_type=\"widget\" data-widget_type=\"text-editor.default\">\n\t\t\t\t<div class=\"elementor-widget-container\">\n\t\t\t\t\t\t\t\t\t<p><span style=\"font-weight: 400;\">Il Franciacorta DOCG trova il suo match perfetto con i sapori delicati, ad esempio il risotto allo zafferano con i gamberi. Si pu\u00f2, in alternativa, abbinare questo vino anche per contrapposizione, ad esempio cibi grassi che, grazie alla frizzantezza del vino, aiuta ad avere un piacevole senso di liberazione del palato.<\/span><\/p>\t\t\t\t\t\t\t\t<\/div>\n\t\t\t\t<\/div>\n\t\t\t\t\t<\/div>\n\t\t\t\t<\/div>\n\t\t\t\t\t<\/details>\n\t\t\t\t\t\t<details id=\"e-n-accordion-item-1367\" class=\"e-n-accordion-item\" >\n\t\t\t\t<summary class=\"e-n-accordion-item-title\" data-accordion-index=\"8\" tabindex=\"-1\" aria-expanded=\"false\" aria-controls=\"e-n-accordion-item-1367\" >\n\t\t\t\t\t<span class='e-n-accordion-item-title-header'><div class=\"e-n-accordion-item-title-text\"> Che cosa si mangia di tipico in Franciacorta? <\/div><\/span>\n\t\t\t\t\t\t\t<span class='e-n-accordion-item-title-icon'>\n\t\t\t<span class='e-opened' ><svg aria-hidden=\"true\" class=\"e-font-icon-svg e-fas-minus\" viewBox=\"0 0 448 512\" xmlns=\"http:\/\/www.w3.org\/2000\/svg\"><path d=\"M416 208H32c-17.67 0-32 14.33-32 32v32c0 17.67 14.33 32 32 32h384c17.67 0 32-14.33 32-32v-32c0-17.67-14.33-32-32-32z\"><\/path><\/svg><\/span>\n\t\t\t<span class='e-closed'><svg aria-hidden=\"true\" class=\"e-font-icon-svg e-fas-plus\" viewBox=\"0 0 448 512\" xmlns=\"http:\/\/www.w3.org\/2000\/svg\"><path d=\"M416 208H272V64c0-17.67-14.33-32-32-32h-32c-17.67 0-32 14.33-32 32v144H32c-17.67 0-32 14.33-32 32v32c0 17.67 14.33 32 32 32h144v144c0 17.67 14.33 32 32 32h32c17.67 0 32-14.33 32-32V304h144c17.67 0 32-14.33 32-32v-32c0-17.67-14.33-32-32-32z\"><\/path><\/svg><\/span>\n\t\t<\/span>\n\n\t\t\t\t\t\t<\/summary>\n\t\t\t\t<div role=\"region\" aria-labelledby=\"e-n-accordion-item-1367\" class=\"elementor-element elementor-element-1492e3d e-flex e-con-boxed e-con e-child\" data-id=\"1492e3d\" data-element_type=\"container\">\n\t\t\t\t\t<div class=\"e-con-inner\">\n\t\t\t\t<div class=\"elementor-element elementor-element-8ab4ee4 elementor-widget elementor-widget-text-editor\" data-id=\"8ab4ee4\" data-element_type=\"widget\" data-widget_type=\"text-editor.default\">\n\t\t\t\t<div class=\"elementor-widget-container\">\n\t\t\t\t\t\t\t\t\t<p><span style=\"font-weight: 400;\">Il piatto tipico per eccellenza che si pu\u00f2 trovare in Franciacorta \u00e8 il manzo all\u2019olio di Rovato, un secondo piatto ottenuto cuocendo lentamente il taglio \u201ccappello del prete\u201d (punta di petto) in un abbondante emulsione di olio EVO (extravergine d\u2019oliva), acciughe, aglio e verdure. Essendo la Franciacorta in provincia di Brescia \u00e8 possibile trovare altre tipicit\u00e0 come la robiola bresciana e il lardo aromatizzato spesso abbinati ai vini della zona.<\/span><\/p>\t\t\t\t\t\t\t\t<\/div>\n\t\t\t\t<\/div>\n\t\t\t\t\t<\/div>\n\t\t\t\t<\/div>\n\t\t\t\t\t<\/details>\n\t\t\t\t\t\t<details id=\"e-n-accordion-item-1368\" class=\"e-n-accordion-item\" >\n\t\t\t\t<summary class=\"e-n-accordion-item-title\" data-accordion-index=\"9\" tabindex=\"-1\" aria-expanded=\"false\" aria-controls=\"e-n-accordion-item-1368\" >\n\t\t\t\t\t<span class='e-n-accordion-item-title-header'><div class=\"e-n-accordion-item-title-text\"> Qual \u00e8 il periodo migliore per fare una visita in Franciacorta? <\/div><\/span>\n\t\t\t\t\t\t\t<span class='e-n-accordion-item-title-icon'>\n\t\t\t<span class='e-opened' ><svg aria-hidden=\"true\" class=\"e-font-icon-svg e-fas-minus\" viewBox=\"0 0 448 512\" xmlns=\"http:\/\/www.w3.org\/2000\/svg\"><path d=\"M416 208H32c-17.67 0-32 14.33-32 32v32c0 17.67 14.33 32 32 32h384c17.67 0 32-14.33 32-32v-32c0-17.67-14.33-32-32-32z\"><\/path><\/svg><\/span>\n\t\t\t<span class='e-closed'><svg aria-hidden=\"true\" class=\"e-font-icon-svg e-fas-plus\" viewBox=\"0 0 448 512\" xmlns=\"http:\/\/www.w3.org\/2000\/svg\"><path d=\"M416 208H272V64c0-17.67-14.33-32-32-32h-32c-17.67 0-32 14.33-32 32v144H32c-17.67 0-32 14.33-32 32v32c0 17.67 14.33 32 32 32h144v144c0 17.67 14.33 32 32 32h32c17.67 0 32-14.33 32-32V304h144c17.67 0 32-14.33 32-32v-32c0-17.67-14.33-32-32-32z\"><\/path><\/svg><\/span>\n\t\t<\/span>\n\n\t\t\t\t\t\t<\/summary>\n\t\t\t\t<div role=\"region\" aria-labelledby=\"e-n-accordion-item-1368\" class=\"elementor-element elementor-element-e45ab31 e-flex e-con-boxed e-con e-child\" data-id=\"e45ab31\" data-element_type=\"container\">\n\t\t\t\t\t<div class=\"e-con-inner\">\n\t\t\t\t<div class=\"elementor-element elementor-element-8b209ea elementor-widget elementor-widget-text-editor\" data-id=\"8b209ea\" data-element_type=\"widget\" data-widget_type=\"text-editor.default\">\n\t\t\t\t<div class=\"elementor-widget-container\">\n\t\t\t\t\t\t\t\t\t<p><span style=\"font-weight: 400;\">La primavera e l\u2019autunno sono ottime stagioni per fare una visita in Franciacorta per i suoi meravigliosi paesaggi, anche verso fine estate (agosto-settembre) \u00e8 un momento molto vivo influenzato dal fatto che si tratta di periodo di vendemmia. <\/span><\/p>\t\t\t\t\t\t\t\t<\/div>\n\t\t\t\t<\/div>\n\t\t\t\t\t<\/div>\n\t\t\t\t<\/div>\n\t\t\t\t\t<\/details>\n\t\t\t\t\t\t<details id=\"e-n-accordion-item-1369\" class=\"e-n-accordion-item\" >\n\t\t\t\t<summary class=\"e-n-accordion-item-title\" data-accordion-index=\"10\" tabindex=\"-1\" aria-expanded=\"false\" aria-controls=\"e-n-accordion-item-1369\" >\n\t\t\t\t\t<span class='e-n-accordion-item-title-header'><div class=\"e-n-accordion-item-title-text\"> Che cosa posso visitare in Franciacorta oltre alle cantine?  <\/div><\/span>\n\t\t\t\t\t\t\t<span class='e-n-accordion-item-title-icon'>\n\t\t\t<span class='e-opened' ><svg aria-hidden=\"true\" class=\"e-font-icon-svg e-fas-minus\" viewBox=\"0 0 448 512\" xmlns=\"http:\/\/www.w3.org\/2000\/svg\"><path d=\"M416 208H32c-17.67 0-32 14.33-32 32v32c0 17.67 14.33 32 32 32h384c17.67 0 32-14.33 32-32v-32c0-17.67-14.33-32-32-32z\"><\/path><\/svg><\/span>\n\t\t\t<span class='e-closed'><svg aria-hidden=\"true\" class=\"e-font-icon-svg e-fas-plus\" viewBox=\"0 0 448 512\" xmlns=\"http:\/\/www.w3.org\/2000\/svg\"><path d=\"M416 208H272V64c0-17.67-14.33-32-32-32h-32c-17.67 0-32 14.33-32 32v144H32c-17.67 0-32 14.33-32 32v32c0 17.67 14.33 32 32 32h144v144c0 17.67 14.33 32 32 32h32c17.67 0 32-14.33 32-32V304h144c17.67 0 32-14.33 32-32v-32c0-17.67-14.33-32-32-32z\"><\/path><\/svg><\/span>\n\t\t<\/span>\n\n\t\t\t\t\t\t<\/summary>\n\t\t\t\t<div role=\"region\" aria-labelledby=\"e-n-accordion-item-1369\" class=\"elementor-element elementor-element-8317b2b e-flex e-con-boxed e-con e-child\" data-id=\"8317b2b\" data-element_type=\"container\">\n\t\t\t\t\t<div class=\"e-con-inner\">\n\t\t\t\t<div class=\"elementor-element elementor-element-639f293 elementor-widget elementor-widget-text-editor\" data-id=\"639f293\" data-element_type=\"widget\" data-widget_type=\"text-editor.default\">\n\t\t\t\t<div class=\"elementor-widget-container\">\n\t\t\t\t\t\t\t\t\t<p><span style=\"font-weight: 400;\">In Franciacorta c\u2019\u00e8 la possibilit\u00e0 di svolgere molte attivit\u00e0 anche al di fuori delle cantine con degustazioni di vino, a partire dal Lago d\u2019Iseo con il suo bellissimo lungolago perfetto per delle passeggiate e i suoi borghi medievali, per gli amanti della storia dell\u2019arte \u00e8 possibile visitare il Castello di Bornato (con annessa villa rinascimentale interna), tornando nell\u2019ambito naturalistico e paesaggistico \u00e8 possibile tramite traghetto da Iseo raggiungere Monte Isola, l\u2019isola lacustre pi\u00f9 grande d\u2019Europa perfetta per giri\/tour in bicicletta.<\/span><\/p>\t\t\t\t\t\t\t\t<\/div>\n\t\t\t\t<\/div>\n\t\t\t\t\t<\/div>\n\t\t\t\t<\/div>\n\t\t\t\t\t<\/details>\n\t\t\t\t\t<\/div>\n\t\t\t\t\t<script type=\"application\/ld+json\">{\"@context\":\"https:\\\/\\\/schema.org\",\"@type\":\"FAQPage\",\"mainEntity\":[{\"@type\":\"Question\",\"name\":\"Dove si trova la Franciacorta?\",\"acceptedAnswer\":{\"@type\":\"Answer\",\"text\":\"La Franciacorta si trova in Lombardia, in provincia di Brescia, situata precisamente sulla sponda meridionale del Lago d\\u2019Iseo.\"}},{\"@type\":\"Question\",\"name\":\"Perch\\u00e9 si chiama Franciacorta?\",\"acceptedAnswer\":{\"@type\":\"Answer\",\"text\":\"Il nome \\u201cFranciacorta\\u201d deriva da \\u201ccurtes francae\\u201d, ovvero corti franche, in riferimento ai monasteri che nel Medioevo erano esenti dal pagamento delle tasse.\"}},{\"@type\":\"Question\",\"name\":\"Quali tour proponete in Franciacorta?\",\"acceptedAnswer\":{\"@type\":\"Answer\",\"text\":\"Tra i tour da noi offerti ne abbiamo dedicato uno in particolare alla terra del Franciacorta, zona conosciuta e rinomata per i suoi eleganti vini spumanti:I vini della Franciacorta: 8,5 h circa, qui scoprirai il fascino di questa terra nella provincia di Brescia e i suoi famosi spumanti. Nel tour \\u00e8 incluso un percorso in collina seguito da un incontro con un produttore locale con degustazione; raggiungerete poi un ristorante locale e, infine, ci sar\\u00e0 una visita in un altro vigneto della Franciacorta. https:\\\/\\\/www.paguswinetours.com\\\/it\\\/degustazioni-private\\\/i-vini-della-franciacorta\\\/\"}},{\"@type\":\"Question\",\"name\":\"Se volessi raggiungere la Franciacorta in autonomia, quali opzioni ho?\",\"acceptedAnswer\":{\"@type\":\"Answer\",\"text\":\"La Franciacorta dista circa 90 chilometri da Verona, in auto \\u00e8 possibile raggiungerla tramite l\\u2019autostrada A4 e, in un\\u2019ora di strada, si giunge a destinazione. Per quanto riguarda i mezzi pubblici invece \\u00e8 possibile prendere il treno presso la stazione Porta nuova di Verona diretto a Milano Centrale e scendere a Brescia; una volta scesi da Brescia partono numerosi autobus per raggiungere la Franciacorta e aree limitrofe.\\u00a0\"}},{\"@type\":\"Question\",\"name\":\"Quali sono i vitigni principali della Franciacorta?\",\"acceptedAnswer\":{\"@type\":\"Answer\",\"text\":\"I vitigni protagonisti di questa rinomata zona sono principalmente Chardonnay, Pinot Bianco ed infine anche Pinot Nero, usato soprattutto per le versioni ros\\u00e8.\\u00a0\"}},{\"@type\":\"Question\",\"name\":\"Quali sono i vini spumanti che caratterizzano e rendono famosa la Franciacorta?\",\"acceptedAnswer\":{\"@type\":\"Answer\",\"text\":\"La regione della Franciacorta \\u00e8 nota soprattutto per i suoi vini spumanti, partendo dal Franciacorta DOCG prodotto con il metodo classico (ovvero con la rifermentazione in bottiglia), Franciacorta Sat\\u00e8n (versione pi\\u00f9 morbida), Franciacorta Ros\\u00e8 (con note fruttate e maggiore struttura), Franciacorta Millesimato ed infine il Franciacorta Riserva.\"}},{\"@type\":\"Question\",\"name\":\"Quali sono gli abbinamenti gastronomici perfetti per un Franciacorta DOCG?\",\"acceptedAnswer\":{\"@type\":\"Answer\",\"text\":\"Il Franciacorta DOCG trova il suo match perfetto con i sapori delicati, ad esempio il risotto allo zafferano con i gamberi. Si pu\\u00f2, in alternativa, abbinare questo vino anche per contrapposizione, ad esempio cibi grassi che, grazie alla frizzantezza del vino, aiuta ad avere un piacevole senso di liberazione del palato.\"}},{\"@type\":\"Question\",\"name\":\"Che cosa si mangia di tipico in Franciacorta?\",\"acceptedAnswer\":{\"@type\":\"Answer\",\"text\":\"Il piatto tipico per eccellenza che si pu\\u00f2 trovare in Franciacorta \\u00e8 il manzo all\\u2019olio di Rovato, un secondo piatto ottenuto cuocendo lentamente il taglio \\u201ccappello del prete\\u201d (punta di petto) in un abbondante emulsione di olio EVO (extravergine d\\u2019oliva), acciughe, aglio e verdure. Essendo la Franciacorta in provincia di Brescia \\u00e8 possibile trovare altre tipicit\\u00e0 come la robiola bresciana e il lardo aromatizzato spesso abbinati ai vini della zona.\"}},{\"@type\":\"Question\",\"name\":\"Qual \\u00e8 il periodo migliore per fare una visita in Franciacorta?\",\"acceptedAnswer\":{\"@type\":\"Answer\",\"text\":\"La primavera e l\\u2019autunno sono ottime stagioni per fare una visita in Franciacorta per i suoi meravigliosi paesaggi, anche verso fine estate (agosto-settembre) \\u00e8 un momento molto vivo influenzato dal fatto che si tratta di periodo di vendemmia.\"}},{\"@type\":\"Question\",\"name\":\"Che cosa posso visitare in Franciacorta oltre alle cantine?\",\"acceptedAnswer\":{\"@type\":\"Answer\",\"text\":\"In Franciacorta c\\u2019\\u00e8 la possibilit\\u00e0 di svolgere molte attivit\\u00e0 anche al di fuori delle cantine con degustazioni di vino, a partire dal Lago d\\u2019Iseo con il suo bellissimo lungolago perfetto per delle passeggiate e i suoi borghi medievali, per gli amanti della storia dell\\u2019arte \\u00e8 possibile visitare il Castello di Bornato (con annessa villa rinascimentale interna), tornando nell\\u2019ambito naturalistico e paesaggistico \\u00e8 possibile tramite traghetto da Iseo raggiungere Monte Isola, l\\u2019isola lacustre pi\\u00f9 grande d\\u2019Europa perfetta per giri\\\/tour in bicicletta.\"}}]}<\/script>\n\t\t\t\t\t\t\t<\/div>\n\t\t\t\t<\/div>\n\t\t\t\t\t<\/div>\n\t\t<\/div>\n\t\t\t\t\t<\/div>\n\t\t<\/div>\n\t\t\t\t<\/div>\n\t\t","protected":false},"excerpt":{"rendered":"<p>Franciacorta A met\u00e0 strada tra Verona e Milano si trova la Franciacorta, un fazzoletto di terra di 2800 ettari vitati circa, che si estende a sud del Lago d\u2019iseo. Questa \u00e8 una zona famosa non solo per la produzione del vino omonimo, il Franciacorta DOCG, ma anche per le splendide colline, e i numerosi siti [&hellip;]<\/p>\n","protected":false},"author":1,"featured_media":9358,"parent":8182,"menu_order":0,"comment_status":"closed","ping_status":"closed","template":"","meta":{"_acf_changed":false,"footnotes":""},"class_list":["post-8188","page","type-page","status-publish","has-post-thumbnail","hentry"],"acf":[],"yoast_head":"<!-- This site is optimized with the Yoast SEO plugin v26.7 - https:\/\/yoast.com\/wordpress\/plugins\/seo\/ -->\n<title>Franciacorta - Pagus Wine Tours<\/title>\n<meta name=\"description\" content=\"A met\u00e0 strada tra Verona e Milano si trova la Franciacorta, un territorio di circa 2.800 ettari di vigneti, famoso per il suo Metodo Classico.\" \/>\n<meta name=\"robots\" content=\"index, follow, max-snippet:-1, max-image-preview:large, max-video-preview:-1\" \/>\n<link rel=\"canonical\" href=\"https:\/\/www.paguswinetours.com\/it\/territori\/franciacorta\/\" \/>\n<meta property=\"og:locale\" content=\"it_IT\" \/>\n<meta property=\"og:type\" content=\"article\" \/>\n<meta property=\"og:title\" content=\"Franciacorta\" \/>\n<meta property=\"og:description\" content=\"A met\u00e0 strada tra Verona e Milano si trova la Franciacorta, un territorio di circa 2.800 ettari di vigneti, famoso per il suo Metodo Classico.\" \/>\n<meta property=\"og:url\" content=\"https:\/\/www.paguswinetours.com\/it\/territori\/franciacorta\/\" \/>\n<meta property=\"og:site_name\" content=\"Pagus Wine Tours\" \/>\n<meta property=\"article:publisher\" content=\"https:\/\/www.facebook.com\/paguswinetours\/\" \/>\n<meta property=\"article:modified_time\" content=\"2026-04-21T10:12:12+00:00\" \/>\n<meta property=\"og:image\" content=\"https:\/\/www.paguswinetours.com\/wp-content\/uploads\/franciacorta-thumb.png\" \/>\n\t<meta property=\"og:image:width\" content=\"400\" \/>\n\t<meta property=\"og:image:height\" content=\"250\" \/>\n\t<meta property=\"og:image:type\" content=\"image\/png\" \/>\n<meta name=\"twitter:card\" content=\"summary_large_image\" \/>\n<meta name=\"twitter:label1\" content=\"Tempo di lettura stimato\" \/>\n\t<meta name=\"twitter:data1\" content=\"9 minuti\" \/>\n<script type=\"application\/ld+json\" class=\"yoast-schema-graph\">{\"@context\":\"https:\/\/schema.org\",\"@graph\":[{\"@type\":\"WebPage\",\"@id\":\"https:\/\/www.paguswinetours.com\/it\/territori\/franciacorta\/\",\"url\":\"https:\/\/www.paguswinetours.com\/it\/territori\/franciacorta\/\",\"name\":\"Franciacorta - Pagus Wine Tours\",\"isPartOf\":{\"@id\":\"https:\/\/www.paguswinetours.com\/it\/#website\"},\"primaryImageOfPage\":{\"@id\":\"https:\/\/www.paguswinetours.com\/it\/territori\/franciacorta\/#primaryimage\"},\"image\":{\"@id\":\"https:\/\/www.paguswinetours.com\/it\/territori\/franciacorta\/#primaryimage\"},\"thumbnailUrl\":\"https:\/\/www.paguswinetours.com\/wp-content\/uploads\/franciacorta-thumb.png\",\"datePublished\":\"2024-03-07T14:07:28+00:00\",\"dateModified\":\"2026-04-21T10:12:12+00:00\",\"description\":\"A met\u00e0 strada tra Verona e Milano si trova la Franciacorta, un territorio di circa 2.800 ettari di vigneti, famoso per il suo Metodo Classico.\",\"breadcrumb\":{\"@id\":\"https:\/\/www.paguswinetours.com\/it\/territori\/franciacorta\/#breadcrumb\"},\"inLanguage\":\"it-IT\",\"potentialAction\":[{\"@type\":\"ReadAction\",\"target\":[\"https:\/\/www.paguswinetours.com\/it\/territori\/franciacorta\/\"]}]},{\"@type\":\"ImageObject\",\"inLanguage\":\"it-IT\",\"@id\":\"https:\/\/www.paguswinetours.com\/it\/territori\/franciacorta\/#primaryimage\",\"url\":\"https:\/\/www.paguswinetours.com\/wp-content\/uploads\/franciacorta-thumb.png\",\"contentUrl\":\"https:\/\/www.paguswinetours.com\/wp-content\/uploads\/franciacorta-thumb.png\",\"width\":400,\"height\":250,\"caption\":\"Pagus Wine Tours\"},{\"@type\":\"BreadcrumbList\",\"@id\":\"https:\/\/www.paguswinetours.com\/it\/territori\/franciacorta\/#breadcrumb\",\"itemListElement\":[{\"@type\":\"ListItem\",\"position\":1,\"name\":\"Home\",\"item\":\"https:\/\/www.paguswinetours.com\/it\/\"},{\"@type\":\"ListItem\",\"position\":2,\"name\":\"Territori\",\"item\":\"https:\/\/www.paguswinetours.com\/it\/territori\/\"},{\"@type\":\"ListItem\",\"position\":3,\"name\":\"Franciacorta\"}]},{\"@type\":\"WebSite\",\"@id\":\"https:\/\/www.paguswinetours.com\/it\/#website\",\"url\":\"https:\/\/www.paguswinetours.com\/it\/\",\"name\":\"Pagus Wine Tours\",\"description\":\"\",\"publisher\":{\"@id\":\"https:\/\/www.paguswinetours.com\/it\/#organization\"},\"potentialAction\":[{\"@type\":\"SearchAction\",\"target\":{\"@type\":\"EntryPoint\",\"urlTemplate\":\"https:\/\/www.paguswinetours.com\/it\/?s={search_term_string}\"},\"query-input\":{\"@type\":\"PropertyValueSpecification\",\"valueRequired\":true,\"valueName\":\"search_term_string\"}}],\"inLanguage\":\"it-IT\"},{\"@type\":\"Organization\",\"@id\":\"https:\/\/www.paguswinetours.com\/it\/#organization\",\"name\":\"Pagus Wine Tours\",\"url\":\"https:\/\/www.paguswinetours.com\/it\/\",\"logo\":{\"@type\":\"ImageObject\",\"inLanguage\":\"it-IT\",\"@id\":\"https:\/\/www.paguswinetours.com\/it\/#\/schema\/logo\/image\/\",\"url\":\"https:\/\/www.paguswinetours.com\/wp-content\/uploads\/logo-2-1.png\",\"contentUrl\":\"https:\/\/www.paguswinetours.com\/wp-content\/uploads\/logo-2-1.png\",\"width\":1172,\"height\":364,\"caption\":\"Pagus Wine Tours\"},\"image\":{\"@id\":\"https:\/\/www.paguswinetours.com\/it\/#\/schema\/logo\/image\/\"},\"sameAs\":[\"https:\/\/www.facebook.com\/paguswinetours\/\",\"https:\/\/www.instagram.com\/paguswinetours\/\",\"https:\/\/www.youtube.com\/channel\/UCMuOOU3pfYQT2zysLFm2u8g\"]}]}<\/script>\n<!-- \/ Yoast SEO plugin. -->","yoast_head_json":{"title":"Franciacorta - Pagus Wine Tours","description":"A met\u00e0 strada tra Verona e Milano si trova la Franciacorta, un territorio di circa 2.800 ettari di vigneti, famoso per il suo Metodo Classico.","robots":{"index":"index","follow":"follow","max-snippet":"max-snippet:-1","max-image-preview":"max-image-preview:large","max-video-preview":"max-video-preview:-1"},"canonical":"https:\/\/www.paguswinetours.com\/it\/territori\/franciacorta\/","og_locale":"it_IT","og_type":"article","og_title":"Franciacorta","og_description":"A met\u00e0 strada tra Verona e Milano si trova la Franciacorta, un territorio di circa 2.800 ettari di vigneti, famoso per il suo Metodo Classico.","og_url":"https:\/\/www.paguswinetours.com\/it\/territori\/franciacorta\/","og_site_name":"Pagus Wine Tours","article_publisher":"https:\/\/www.facebook.com\/paguswinetours\/","article_modified_time":"2026-04-21T10:12:12+00:00","og_image":[{"width":400,"height":250,"url":"https:\/\/www.paguswinetours.com\/wp-content\/uploads\/franciacorta-thumb.png","type":"image\/png"}],"twitter_card":"summary_large_image","twitter_misc":{"Tempo di lettura stimato":"9 minuti"},"schema":{"@context":"https:\/\/schema.org","@graph":[{"@type":"WebPage","@id":"https:\/\/www.paguswinetours.com\/it\/territori\/franciacorta\/","url":"https:\/\/www.paguswinetours.com\/it\/territori\/franciacorta\/","name":"Franciacorta - Pagus Wine Tours","isPartOf":{"@id":"https:\/\/www.paguswinetours.com\/it\/#website"},"primaryImageOfPage":{"@id":"https:\/\/www.paguswinetours.com\/it\/territori\/franciacorta\/#primaryimage"},"image":{"@id":"https:\/\/www.paguswinetours.com\/it\/territori\/franciacorta\/#primaryimage"},"thumbnailUrl":"https:\/\/www.paguswinetours.com\/wp-content\/uploads\/franciacorta-thumb.png","datePublished":"2024-03-07T14:07:28+00:00","dateModified":"2026-04-21T10:12:12+00:00","description":"A met\u00e0 strada tra Verona e Milano si trova la Franciacorta, un territorio di circa 2.800 ettari di vigneti, famoso per il suo Metodo Classico.","breadcrumb":{"@id":"https:\/\/www.paguswinetours.com\/it\/territori\/franciacorta\/#breadcrumb"},"inLanguage":"it-IT","potentialAction":[{"@type":"ReadAction","target":["https:\/\/www.paguswinetours.com\/it\/territori\/franciacorta\/"]}]},{"@type":"ImageObject","inLanguage":"it-IT","@id":"https:\/\/www.paguswinetours.com\/it\/territori\/franciacorta\/#primaryimage","url":"https:\/\/www.paguswinetours.com\/wp-content\/uploads\/franciacorta-thumb.png","contentUrl":"https:\/\/www.paguswinetours.com\/wp-content\/uploads\/franciacorta-thumb.png","width":400,"height":250,"caption":"Pagus Wine Tours"},{"@type":"BreadcrumbList","@id":"https:\/\/www.paguswinetours.com\/it\/territori\/franciacorta\/#breadcrumb","itemListElement":[{"@type":"ListItem","position":1,"name":"Home","item":"https:\/\/www.paguswinetours.com\/it\/"},{"@type":"ListItem","position":2,"name":"Territori","item":"https:\/\/www.paguswinetours.com\/it\/territori\/"},{"@type":"ListItem","position":3,"name":"Franciacorta"}]},{"@type":"WebSite","@id":"https:\/\/www.paguswinetours.com\/it\/#website","url":"https:\/\/www.paguswinetours.com\/it\/","name":"Pagus Wine Tours","description":"","publisher":{"@id":"https:\/\/www.paguswinetours.com\/it\/#organization"},"potentialAction":[{"@type":"SearchAction","target":{"@type":"EntryPoint","urlTemplate":"https:\/\/www.paguswinetours.com\/it\/?s={search_term_string}"},"query-input":{"@type":"PropertyValueSpecification","valueRequired":true,"valueName":"search_term_string"}}],"inLanguage":"it-IT"},{"@type":"Organization","@id":"https:\/\/www.paguswinetours.com\/it\/#organization","name":"Pagus Wine Tours","url":"https:\/\/www.paguswinetours.com\/it\/","logo":{"@type":"ImageObject","inLanguage":"it-IT","@id":"https:\/\/www.paguswinetours.com\/it\/#\/schema\/logo\/image\/","url":"https:\/\/www.paguswinetours.com\/wp-content\/uploads\/logo-2-1.png","contentUrl":"https:\/\/www.paguswinetours.com\/wp-content\/uploads\/logo-2-1.png","width":1172,"height":364,"caption":"Pagus Wine Tours"},"image":{"@id":"https:\/\/www.paguswinetours.com\/it\/#\/schema\/logo\/image\/"},"sameAs":["https:\/\/www.facebook.com\/paguswinetours\/","https:\/\/www.instagram.com\/paguswinetours\/","https:\/\/www.youtube.com\/channel\/UCMuOOU3pfYQT2zysLFm2u8g"]}]}},"_links":{"self":[{"href":"https:\/\/www.paguswinetours.com\/it\/wp-json\/wp\/v2\/pages\/8188","targetHints":{"allow":["GET"]}}],"collection":[{"href":"https:\/\/www.paguswinetours.com\/it\/wp-json\/wp\/v2\/pages"}],"about":[{"href":"https:\/\/www.paguswinetours.com\/it\/wp-json\/wp\/v2\/types\/page"}],"author":[{"embeddable":true,"href":"https:\/\/www.paguswinetours.com\/it\/wp-json\/wp\/v2\/users\/1"}],"replies":[{"embeddable":true,"href":"https:\/\/www.paguswinetours.com\/it\/wp-json\/wp\/v2\/comments?post=8188"}],"version-history":[{"count":12,"href":"https:\/\/www.paguswinetours.com\/it\/wp-json\/wp\/v2\/pages\/8188\/revisions"}],"predecessor-version":[{"id":16317,"href":"https:\/\/www.paguswinetours.com\/it\/wp-json\/wp\/v2\/pages\/8188\/revisions\/16317"}],"up":[{"embeddable":true,"href":"https:\/\/www.paguswinetours.com\/it\/wp-json\/wp\/v2\/pages\/8182"}],"wp:featuredmedia":[{"embeddable":true,"href":"https:\/\/www.paguswinetours.com\/it\/wp-json\/wp\/v2\/media\/9358"}],"wp:attachment":[{"href":"https:\/\/www.paguswinetours.com\/it\/wp-json\/wp\/v2\/media?parent=8188"}],"curies":[{"name":"wp","href":"https:\/\/api.w.org\/{rel}","templated":true}]}}