{"id":15924,"date":"2026-04-03T10:05:05","date_gmt":"2026-04-03T08:05:05","guid":{"rendered":"https:\/\/www.paguswinetours.com\/cantine\/il-monte-caro\/"},"modified":"2026-04-03T10:35:17","modified_gmt":"2026-04-03T08:35:17","slug":"il-monte-caro","status":"publish","type":"page","link":"https:\/\/www.paguswinetours.com\/it\/cantine\/il-monte-caro\/","title":{"rendered":"Il Monte Caro"},"content":{"rendered":"\t\t<div data-elementor-type=\"wp-page\" data-elementor-id=\"15924\" class=\"elementor elementor-15924 elementor-15904\">\n\t\t\t\t\t\t<div class=\"elementor-section elementor-top-section elementor-element elementor-element-11e4286c elementor-section-stretched elementor-section-content-middle elementor-section-boxed elementor-section-height-default elementor-section-height-default\" data-id=\"11e4286c\" data-element_type=\"section\" data-settings=\"{&quot;background_background&quot;:&quot;classic&quot;,&quot;stretch_section&quot;:&quot;section-stretched&quot;}\">\n\t\t\t\t\t\t<div class=\"elementor-container elementor-column-gap-default\">\n\t\t\t\t\t<div class=\"elementor-column elementor-col-50 elementor-top-column elementor-element elementor-element-49c1c0d5\" data-id=\"49c1c0d5\" data-element_type=\"column\">\n\t\t\t<div class=\"elementor-widget-wrap elementor-element-populated\">\n\t\t\t\t\t\t<div class=\"elementor-element elementor-element-1f436eb6 elementor-widget elementor-widget-image\" data-id=\"1f436eb6\" data-element_type=\"widget\" data-widget_type=\"image.default\">\n\t\t\t\t<div class=\"elementor-widget-container\">\n\t\t\t\t\t\t\t\t\t\t\t\t\t\t\t<img fetchpriority=\"high\" decoding=\"async\" width=\"1843\" height=\"1228\" src=\"https:\/\/www.paguswinetours.com\/wp-content\/uploads\/MREW0006.jpg\" class=\"attachment-full size-full wp-image-15908\" alt=\"\" srcset=\"https:\/\/www.paguswinetours.com\/wp-content\/uploads\/MREW0006.jpg 1843w, https:\/\/www.paguswinetours.com\/wp-content\/uploads\/MREW0006-300x200.jpg 300w, https:\/\/www.paguswinetours.com\/wp-content\/uploads\/MREW0006-1024x682.jpg 1024w, https:\/\/www.paguswinetours.com\/wp-content\/uploads\/MREW0006-768x512.jpg 768w, https:\/\/www.paguswinetours.com\/wp-content\/uploads\/MREW0006-1536x1023.jpg 1536w, https:\/\/www.paguswinetours.com\/wp-content\/uploads\/MREW0006-720x480.jpg 720w, https:\/\/www.paguswinetours.com\/wp-content\/uploads\/MREW0006-600x400.jpg 600w\" sizes=\"100vw\" \/>\t\t\t\t\t\t\t\t\t\t\t\t\t\t\t<\/div>\n\t\t\t\t<\/div>\n\t\t\t\t\t<\/div>\n\t\t<\/div>\n\t\t\t\t<div class=\"elementor-column elementor-col-50 elementor-top-column elementor-element elementor-element-68d409c1\" data-id=\"68d409c1\" data-element_type=\"column\" data-settings=\"{&quot;background_background&quot;:&quot;classic&quot;}\">\n\t\t\t<div class=\"elementor-widget-wrap elementor-element-populated\">\n\t\t\t\t\t\t<div class=\"elementor-element elementor-element-4c5ed550 elementor-widget elementor-widget-iqonic_title\" data-id=\"4c5ed550\" data-element_type=\"widget\" data-widget_type=\"iqonic_title.default\">\n\t\t\t\t<div class=\"elementor-widget-container\">\n\t\t\t\t\t\n\t<div class=\" text-left slainte-title-box slainte-title-box-2\">\n\t\t\t\t\t\t\t\t\t\t\t\t<h2 class=\"slainte-title slainte-heading-title\">\n\t\t\t<span class=\"right-text\">Il Monte<\/span>\n\t\t\t<span class=\"left-text-wrap wow\">\n\t\t\t\t<span class=\"left-text\">Caro<\/span>\n\t\t\t\t<span class=\"left-text-swipe\">Caro<\/span>\n\t\t\t<\/span>\n\n\t\t<\/h2>\n\n\t\t\t\t\n\t<\/div>\n\n\n\t\t\t\t<\/div>\n\t\t\t\t<\/div>\n\t\t\t\t<div class=\"elementor-element elementor-element-2ba63cb8 elementor-widget elementor-widget-text-editor\" data-id=\"2ba63cb8\" data-element_type=\"widget\" data-widget_type=\"text-editor.default\">\n\t\t\t\t<div class=\"elementor-widget-container\">\n\t\t\t\t\t\t\t\t\t<p><span style=\"font-weight: 400;\">La storia de <\/span><b>Il Monte Caro<\/b><span style=\"font-weight: 400;\"> inizia nel <\/span><b>1986<\/b><span style=\"font-weight: 400;\">, quando <\/span><b>Enzo Marcolini<\/b><span style=\"font-weight: 400;\">, assieme alla moglie <\/span><b>Carla<\/b><span style=\"font-weight: 400;\">, s&#8217;innamora di un luogo tanto magico quanto aspro e sassoso nella <\/span><b>vallata di Mezzane<\/b><span style=\"font-weight: 400;\">, nella Valpolicella orientale. Proprio qui nasce la loro azienda agricola, che si sviluppa su 7 ettari tra vigneti, oliveto e bosco, oggi gestita dai figli <\/span><b>Emanuela<\/b><span style=\"font-weight: 400;\"> e <\/span><b>Giorgio<\/b><span style=\"font-weight: 400;\">, per la produzione di vini artigianali e olio d&#8217;oliva extravergine con uno stile che valorizza la semplicit\u00e0, la freschezza e la genuinit\u00e0, da sempre tratti caratteristici della famiglia.<\/span><\/p>\t\t\t\t\t\t\t\t<\/div>\n\t\t\t\t<\/div>\n\t\t\t\t\t<\/div>\n\t\t<\/div>\n\t\t\t\t\t<\/div>\n\t\t<\/div>\n\t\t\t\t<div class=\"elementor-section elementor-top-section elementor-element elementor-element-554e83e4 elementor-section-stretched elementor-section-content-middle elementor-section-boxed elementor-section-height-default elementor-section-height-default\" data-id=\"554e83e4\" data-element_type=\"section\" data-settings=\"{&quot;background_background&quot;:&quot;classic&quot;,&quot;stretch_section&quot;:&quot;section-stretched&quot;}\">\n\t\t\t\t\t\t<div class=\"elementor-container elementor-column-gap-default\">\n\t\t\t\t\t<div class=\"elementor-column elementor-col-50 elementor-top-column elementor-element elementor-element-5cf996\" data-id=\"5cf996\" data-element_type=\"column\">\n\t\t\t<div class=\"elementor-widget-wrap elementor-element-populated\">\n\t\t\t\t\t\t<div class=\"elementor-element elementor-element-411badd1 elementor-widget elementor-widget-text-editor\" data-id=\"411badd1\" data-element_type=\"widget\" data-widget_type=\"text-editor.default\">\n\t\t\t\t<div class=\"elementor-widget-container\">\n\t\t\t\t\t\t\t\t\t<p><span style=\"font-weight: 400;\">Da quando Emanuela e Giorgio hanno preso in mano l\u2019azienda, nel 2014, l&#8217;attenzione \u00e8 stata volta interamente al rispetto della <\/span><b>natura del monte<\/b><span style=\"font-weight: 400;\">. Per questo hanno scelto di lavorare in <\/span><b>biologico<\/b><span style=\"font-weight: 400;\">, prestando sempre pi\u00f9 attenzione alla vitalit\u00e0 del suolo e alla biodiversit\u00e0, piantando alberi da frutto, studiando le erbe spontanee che vivono nei vigneti e curando alcune arnie. Questo \u00e8 un processo in continua evoluzione e fa dell&#8217;azienda un posto vivace e animato.<\/span><\/p>\n<p><span style=\"font-weight: 400;\">I <\/span><b>suoli<\/b><span style=\"font-weight: 400;\"> del monte rivestono un ruolo importante nell\u2019idea espressiva dei vini: il Monte Caro, infatti, \u00e8 geologicamente vario perch\u00e9 composto da terra rossa ammonitica, calcare, selci e ogni micro appezzamento viene valorizzato nella vinificazione. Tutti i vini, ognuno a suo modo, raccontano la personalit\u00e0 del monte e dunque regalano <\/span><b>bevute fortemente territoriali<\/b><span style=\"font-weight: 400;\">, accarezzate da una nota salina e dalla stuzzicante acidit\u00e0 donata dai suoli e dal vento fresco dei Monti Lessini che scivola tra le vigne.<\/span><\/p>\t\t\t\t\t\t\t\t<\/div>\n\t\t\t\t<\/div>\n\t\t\t\t\t<\/div>\n\t\t<\/div>\n\t\t\t\t<div class=\"elementor-column elementor-col-50 elementor-top-column elementor-element elementor-element-636c6919\" data-id=\"636c6919\" data-element_type=\"column\" data-settings=\"{&quot;background_background&quot;:&quot;classic&quot;}\">\n\t\t\t<div class=\"elementor-widget-wrap elementor-element-populated\">\n\t\t\t\t\t\t<div class=\"elementor-element elementor-element-304e0096 elementor-widget elementor-widget-text-editor\" data-id=\"304e0096\" data-element_type=\"widget\" data-widget_type=\"text-editor.default\">\n\t\t\t\t<div class=\"elementor-widget-container\">\n\t\t\t\t\t\t\t\t\t<p><span style=\"font-weight: 400;\">Il Monte Caro oggi \u00e8 uno di quei posti vibranti a cui \u00e8 impossibile rimanere indifferenti, dove il vino non \u00e8 mai solo una bevanda, ma cultura, condivisione ed espressione di un <\/span><i><span style=\"font-weight: 400;\">terroir<\/span><\/i><span style=\"font-weight: 400;\"> autentico.<\/span><\/p>\t\t\t\t\t\t\t\t<\/div>\n\t\t\t\t<\/div>\n\t\t\t\t<div class=\"elementor-element elementor-element-1bb680ec elementor-widget elementor-widget-iqonic_button\" data-id=\"1bb680ec\" data-element_type=\"widget\" data-widget_type=\"iqonic_button.default\">\n\t\t\t\t<div class=\"elementor-widget-container\">\n\t\t\t\t\t<div class=\"slainte-btn-container\">\n    <a class=\"slainte-button slainte-blog-link has-icon btn-icon-right\" href=\"https:\/\/www.paguswinetours.com\/it\/shop\/\">\n        <span class=\"slainte-main-btn\">\n                        <span class=\"text-btn\">scopri i vini<\/span>                            <span class=\"btn-icon\">\n                    <span class=\"btn-icon-inner\">\n                        <svg xmlns=\"http:\/\/www.w3.org\/2000\/svg\" width=\"12\" height=\"8\" viewBox=\"0 0 12 8\" fill=\"none\"><path d=\"M11.9267 3.82324L8.17673 0.0732513C8.10494 0.0019546 7.99826 -0.019772 7.90427 0.0190404C7.81076 0.0576184 7.74998 0.148931 7.74998 0.249993V0.749984C7.74998 0.816382 7.77635 0.879874 7.82323 0.926749L10.3965 3.49999H0.250007C0.11182 3.50001 0 3.61181 0 3.75V4.24999C0 4.38818 0.11182 4.5 0.250007 4.5H10.3965L7.82323 7.07324C7.77635 7.12011 7.74998 7.18358 7.74998 7.25V7.74999C7.74998 7.85108 7.81078 7.94237 7.90427 7.98095C7.93528 7.99388 7.96774 8 7.99997 8C8.06491 8 8.12887 7.97462 8.17673 7.92676L11.9267 4.17677C12.0244 4.07911 12.0244 3.9209 11.9267 3.82324Z\" fill=\"#70002A\"><\/path><\/svg>                        <svg xmlns=\"http:\/\/www.w3.org\/2000\/svg\" width=\"12\" height=\"8\" viewBox=\"0 0 12 8\" fill=\"none\"><path d=\"M11.9267 3.82324L8.17673 0.0732513C8.10494 0.0019546 7.99826 -0.019772 7.90427 0.0190404C7.81076 0.0576184 7.74998 0.148931 7.74998 0.249993V0.749984C7.74998 0.816382 7.77635 0.879874 7.82323 0.926749L10.3965 3.49999H0.250007C0.11182 3.50001 0 3.61181 0 3.75V4.24999C0 4.38818 0.11182 4.5 0.250007 4.5H10.3965L7.82323 7.07324C7.77635 7.12011 7.74998 7.18358 7.74998 7.25V7.74999C7.74998 7.85108 7.81078 7.94237 7.90427 7.98095C7.93528 7.99388 7.96774 8 7.99997 8C8.06491 8 8.12887 7.97462 8.17673 7.92676L11.9267 4.17677C12.0244 4.07911 12.0244 3.9209 11.9267 3.82324Z\" fill=\"#70002A\"><\/path><\/svg>                    <\/span>\n                <\/span>\n                    <\/span>\n    <\/a>\n<\/div>\n\t\t\t\t<\/div>\n\t\t\t\t<\/div>\n\t\t\t\t\t<\/div>\n\t\t<\/div>\n\t\t\t\t\t<\/div>\n\t\t<\/div>\n\t\t\t\t<div class=\"elementor-section elementor-top-section elementor-element elementor-element-634e2f55 elementor-section-content-middle elementor-section-stretched elementor-section-boxed elementor-section-height-default elementor-section-height-default\" data-id=\"634e2f55\" data-element_type=\"section\" data-settings=\"{&quot;stretch_section&quot;:&quot;section-stretched&quot;}\">\n\t\t\t\t\t\t<div class=\"elementor-container elementor-column-gap-default\">\n\t\t\t\t\t<div class=\"elementor-column elementor-col-100 elementor-top-column elementor-element elementor-element-dff8dfe\" data-id=\"dff8dfe\" data-element_type=\"column\">\n\t\t\t<div class=\"elementor-widget-wrap elementor-element-populated\">\n\t\t\t\t\t\t<div class=\"elementor-element elementor-element-15ee464a elementor-widget elementor-widget-iqonic_title\" data-id=\"15ee464a\" data-element_type=\"widget\" data-widget_type=\"iqonic_title.default\">\n\t\t\t\t<div class=\"elementor-widget-container\">\n\t\t\t\t\t\n\t<div class=\"center slainte-title-box slainte-title-box-2\">\n\t\t\t\t\t\t\t\t\t\t\t\t<h2 class=\"slainte-title slainte-heading-title\">\n\t\t\t<span class=\"right-text\">Alcune<\/span>\n\t\t\t<span class=\"left-text-wrap wow\">\n\t\t\t\t<span class=\"left-text\">foto<\/span>\n\t\t\t\t<span class=\"left-text-swipe\">foto<\/span>\n\t\t\t<\/span>\n\n\t\t<\/h2>\n\n\t\t\t\t\n\t<\/div>\n\n\n\t\t\t\t<\/div>\n\t\t\t\t<\/div>\n\t\t\t\t<div class=\"elementor-element elementor-element-5499e81f elementor-widget elementor-widget-iqonic_gallery\" data-id=\"5499e81f\" data-element_type=\"widget\" data-widget_type=\"iqonic_gallery.default\">\n\t\t\t\t<div class=\"elementor-widget-container\">\n\t\t\t\t\t\n<div class=\"slainte-gallery\">\n    <div class=\"iqonic-masonry-block iqonic-metro-block\">\n        <div class=\"iqonic-masonry-grid\">\n            <div class=\"grid-sizer\"><\/div>\n                            <div class=\"iqonic-masonry-item s-25 sqaure\">\n                    <a href=\"https:\/\/www.paguswinetours.com\/wp-content\/uploads\/IMG-20200730-WA0057.jpg\" data-fancybox=\"gallery\">\n                        <div class=\"gallery-overlay position-relative\">\n                            <img decoding=\"async\" src=\"https:\/\/www.paguswinetours.com\/wp-content\/uploads\/IMG-20200730-WA0057-325x230.jpg\" alt=\"image\" \/>\n                            <div class=\"view-image\">\n                                <svg width=\"16\" height=\"11\" viewBox=\"0 0 16 11\" fill=\"none\" xmlns=\"http:\/\/www.w3.org\/2000\/svg\">\n                                <path d=\"M15.8983 4.7877C15.7554 4.59216 12.3496 0 7.99992 0C3.65019 0 0.244313 4.59217 0.101531 4.78751C-0.0338438 4.97301 -0.0338438 5.2246 0.101531 5.4101C0.244313 5.60564 3.65019 10.1978 7.99992 10.1978C12.3496 10.1978 15.7554 5.60561 15.8983 5.41026C16.0339 5.22479 16.0339 4.97301 15.8983 4.7877ZM7.99992 9.14286C4.79588 9.14286 2.02085 6.09495 1.19938 5.09854C2.01979 4.10126 4.78901 1.05494 7.99992 1.05494C11.2038 1.05494 13.9787 4.10232 14.8005 5.09926C13.9801 6.09651 11.2108 9.14286 7.99992 9.14286Z\" fill=\"#D09D55\"\/>\n                                <path d=\"M7.99981 1.93408C6.25474 1.93408 4.83496 3.35387 4.83496 5.09893C4.83496 6.844 6.25474 8.26378 7.99981 8.26378C9.74487 8.26378 11.1647 6.844 11.1647 5.09893C11.1647 3.35387 9.74487 1.93408 7.99981 1.93408ZM7.99981 7.20881C6.83637 7.20881 5.88993 6.26234 5.88993 5.09893C5.88993 3.93552 6.8364 2.98905 7.99981 2.98905C9.16321 2.98905 10.1097 3.93552 10.1097 5.09893C10.1097 6.26234 9.16325 7.20881 7.99981 7.20881Z\" fill=\"#D09D55\"\/>\n                                <\/svg>\n                            <\/div>\n                        <\/div>\n                    <\/a>\n                <\/div>\n\n                            <div class=\"iqonic-masonry-item s-25 portrait\">\n                    <a href=\"https:\/\/www.paguswinetours.com\/wp-content\/uploads\/montecaro1.jpg\" data-fancybox=\"gallery\">\n                        <div class=\"gallery-overlay position-relative\">\n                            <img decoding=\"async\" src=\"https:\/\/www.paguswinetours.com\/wp-content\/uploads\/montecaro1-325x460.jpg\" alt=\"image\" \/>\n                            <div class=\"view-image\">\n                                <svg width=\"16\" height=\"11\" viewBox=\"0 0 16 11\" fill=\"none\" xmlns=\"http:\/\/www.w3.org\/2000\/svg\">\n                                <path d=\"M15.8983 4.7877C15.7554 4.59216 12.3496 0 7.99992 0C3.65019 0 0.244313 4.59217 0.101531 4.78751C-0.0338438 4.97301 -0.0338438 5.2246 0.101531 5.4101C0.244313 5.60564 3.65019 10.1978 7.99992 10.1978C12.3496 10.1978 15.7554 5.60561 15.8983 5.41026C16.0339 5.22479 16.0339 4.97301 15.8983 4.7877ZM7.99992 9.14286C4.79588 9.14286 2.02085 6.09495 1.19938 5.09854C2.01979 4.10126 4.78901 1.05494 7.99992 1.05494C11.2038 1.05494 13.9787 4.10232 14.8005 5.09926C13.9801 6.09651 11.2108 9.14286 7.99992 9.14286Z\" fill=\"#D09D55\"\/>\n                                <path d=\"M7.99981 1.93408C6.25474 1.93408 4.83496 3.35387 4.83496 5.09893C4.83496 6.844 6.25474 8.26378 7.99981 8.26378C9.74487 8.26378 11.1647 6.844 11.1647 5.09893C11.1647 3.35387 9.74487 1.93408 7.99981 1.93408ZM7.99981 7.20881C6.83637 7.20881 5.88993 6.26234 5.88993 5.09893C5.88993 3.93552 6.8364 2.98905 7.99981 2.98905C9.16321 2.98905 10.1097 3.93552 10.1097 5.09893C10.1097 6.26234 9.16325 7.20881 7.99981 7.20881Z\" fill=\"#D09D55\"\/>\n                                <\/svg>\n                            <\/div>\n                        <\/div>\n                    <\/a>\n                <\/div>\n\n                            <div class=\"iqonic-masonry-item s-25 sqaure\">\n                    <a href=\"https:\/\/www.paguswinetours.com\/wp-content\/uploads\/DSC8457a.jpg\" data-fancybox=\"gallery\">\n                        <div class=\"gallery-overlay position-relative\">\n                            <img decoding=\"async\" src=\"https:\/\/www.paguswinetours.com\/wp-content\/uploads\/DSC8457a-325x230.jpg\" alt=\"image\" \/>\n                            <div class=\"view-image\">\n                                <svg width=\"16\" height=\"11\" viewBox=\"0 0 16 11\" fill=\"none\" xmlns=\"http:\/\/www.w3.org\/2000\/svg\">\n                                <path d=\"M15.8983 4.7877C15.7554 4.59216 12.3496 0 7.99992 0C3.65019 0 0.244313 4.59217 0.101531 4.78751C-0.0338438 4.97301 -0.0338438 5.2246 0.101531 5.4101C0.244313 5.60564 3.65019 10.1978 7.99992 10.1978C12.3496 10.1978 15.7554 5.60561 15.8983 5.41026C16.0339 5.22479 16.0339 4.97301 15.8983 4.7877ZM7.99992 9.14286C4.79588 9.14286 2.02085 6.09495 1.19938 5.09854C2.01979 4.10126 4.78901 1.05494 7.99992 1.05494C11.2038 1.05494 13.9787 4.10232 14.8005 5.09926C13.9801 6.09651 11.2108 9.14286 7.99992 9.14286Z\" fill=\"#D09D55\"\/>\n                                <path d=\"M7.99981 1.93408C6.25474 1.93408 4.83496 3.35387 4.83496 5.09893C4.83496 6.844 6.25474 8.26378 7.99981 8.26378C9.74487 8.26378 11.1647 6.844 11.1647 5.09893C11.1647 3.35387 9.74487 1.93408 7.99981 1.93408ZM7.99981 7.20881C6.83637 7.20881 5.88993 6.26234 5.88993 5.09893C5.88993 3.93552 6.8364 2.98905 7.99981 2.98905C9.16321 2.98905 10.1097 3.93552 10.1097 5.09893C10.1097 6.26234 9.16325 7.20881 7.99981 7.20881Z\" fill=\"#D09D55\"\/>\n                                <\/svg>\n                            <\/div>\n                        <\/div>\n                    <\/a>\n                <\/div>\n\n                            <div class=\"iqonic-masonry-item s-25 portrait\">\n                    <a href=\"https:\/\/www.paguswinetours.com\/wp-content\/uploads\/DSC5665a.jpg\" data-fancybox=\"gallery\">\n                        <div class=\"gallery-overlay position-relative\">\n                            <img decoding=\"async\" src=\"https:\/\/www.paguswinetours.com\/wp-content\/uploads\/DSC5665a-325x460.jpg\" alt=\"image\" \/>\n                            <div class=\"view-image\">\n                                <svg width=\"16\" height=\"11\" viewBox=\"0 0 16 11\" fill=\"none\" xmlns=\"http:\/\/www.w3.org\/2000\/svg\">\n                                <path d=\"M15.8983 4.7877C15.7554 4.59216 12.3496 0 7.99992 0C3.65019 0 0.244313 4.59217 0.101531 4.78751C-0.0338438 4.97301 -0.0338438 5.2246 0.101531 5.4101C0.244313 5.60564 3.65019 10.1978 7.99992 10.1978C12.3496 10.1978 15.7554 5.60561 15.8983 5.41026C16.0339 5.22479 16.0339 4.97301 15.8983 4.7877ZM7.99992 9.14286C4.79588 9.14286 2.02085 6.09495 1.19938 5.09854C2.01979 4.10126 4.78901 1.05494 7.99992 1.05494C11.2038 1.05494 13.9787 4.10232 14.8005 5.09926C13.9801 6.09651 11.2108 9.14286 7.99992 9.14286Z\" fill=\"#D09D55\"\/>\n                                <path d=\"M7.99981 1.93408C6.25474 1.93408 4.83496 3.35387 4.83496 5.09893C4.83496 6.844 6.25474 8.26378 7.99981 8.26378C9.74487 8.26378 11.1647 6.844 11.1647 5.09893C11.1647 3.35387 9.74487 1.93408 7.99981 1.93408ZM7.99981 7.20881C6.83637 7.20881 5.88993 6.26234 5.88993 5.09893C5.88993 3.93552 6.8364 2.98905 7.99981 2.98905C9.16321 2.98905 10.1097 3.93552 10.1097 5.09893C10.1097 6.26234 9.16325 7.20881 7.99981 7.20881Z\" fill=\"#D09D55\"\/>\n                                <\/svg>\n                            <\/div>\n                        <\/div>\n                    <\/a>\n                <\/div>\n\n            \n        <\/div>\n    <\/div>\n<\/div>\t\t\t\t<\/div>\n\t\t\t\t<\/div>\n\t\t\t\t\t<\/div>\n\t\t<\/div>\n\t\t\t\t\t<\/div>\n\t\t<\/div>\n\t\t\t\t<\/div>\n\t\t","protected":false},"excerpt":{"rendered":"<p>Il Monte Caro Caro La storia de Il Monte Caro inizia nel 1986, quando Enzo Marcolini, assieme alla moglie Carla, s&#8217;innamora di un luogo tanto magico quanto aspro e sassoso nella vallata di Mezzane, nella Valpolicella orientale. Proprio qui nasce la loro azienda agricola, che si sviluppa su 7 ettari tra vigneti, oliveto e bosco, [&hellip;]<\/p>\n","protected":false},"author":4,"featured_media":15906,"parent":8104,"menu_order":0,"comment_status":"closed","ping_status":"closed","template":"","meta":{"_acf_changed":false,"footnotes":""},"class_list":["post-15924","page","type-page","status-publish","has-post-thumbnail","hentry"],"acf":[],"yoast_head":"<!-- This site is optimized with the Yoast SEO plugin v26.7 - https:\/\/yoast.com\/wordpress\/plugins\/seo\/ -->\n<title>Il Monte Caro - Pagus Wine Tours<\/title>\n<meta name=\"description\" content=\"Scopri la cantina Il Monte Caro, dove Emanuela e Giorgio producono vino con passione e grande attenzione al territorio e alla sostenibilit\u00e0.\" \/>\n<meta name=\"robots\" content=\"index, follow, max-snippet:-1, max-image-preview:large, max-video-preview:-1\" \/>\n<link rel=\"canonical\" href=\"https:\/\/www.paguswinetours.com\/it\/cantine\/il-monte-caro\/\" \/>\n<meta property=\"og:locale\" content=\"it_IT\" \/>\n<meta property=\"og:type\" content=\"article\" \/>\n<meta property=\"og:title\" content=\"Il Monte Caro\" \/>\n<meta property=\"og:description\" content=\"Scopri la cantina Il Monte Caro, dove Emanuela e Giorgio producono vino con passione e grande attenzione al territorio e alla sostenibilit\u00e0.\" \/>\n<meta property=\"og:url\" content=\"https:\/\/www.paguswinetours.com\/it\/cantine\/il-monte-caro\/\" \/>\n<meta property=\"og:site_name\" content=\"Pagus Wine Tours\" \/>\n<meta property=\"article:publisher\" content=\"https:\/\/www.facebook.com\/paguswinetours\/\" \/>\n<meta property=\"article:modified_time\" content=\"2026-04-03T08:35:17+00:00\" \/>\n<meta property=\"og:image\" content=\"https:\/\/www.paguswinetours.com\/wp-content\/uploads\/MREW0006.jpg\" \/>\n\t<meta property=\"og:image:width\" content=\"1843\" \/>\n\t<meta property=\"og:image:height\" content=\"1228\" \/>\n\t<meta property=\"og:image:type\" content=\"image\/jpeg\" \/>\n<meta name=\"twitter:card\" content=\"summary_large_image\" \/>\n<meta name=\"twitter:label1\" content=\"Tempo di lettura stimato\" \/>\n\t<meta name=\"twitter:data1\" content=\"3 minuti\" \/>\n<script type=\"application\/ld+json\" class=\"yoast-schema-graph\">{\"@context\":\"https:\/\/schema.org\",\"@graph\":[{\"@type\":\"WebPage\",\"@id\":\"https:\/\/www.paguswinetours.com\/it\/cantine\/il-monte-caro\/\",\"url\":\"https:\/\/www.paguswinetours.com\/it\/cantine\/il-monte-caro\/\",\"name\":\"Il Monte Caro - Pagus Wine Tours\",\"isPartOf\":{\"@id\":\"https:\/\/www.paguswinetours.com\/it\/#website\"},\"primaryImageOfPage\":{\"@id\":\"https:\/\/www.paguswinetours.com\/it\/cantine\/il-monte-caro\/#primaryimage\"},\"image\":{\"@id\":\"https:\/\/www.paguswinetours.com\/it\/cantine\/il-monte-caro\/#primaryimage\"},\"thumbnailUrl\":\"https:\/\/www.paguswinetours.com\/wp-content\/uploads\/MREW0006_square.jpg\",\"datePublished\":\"2026-04-03T08:05:05+00:00\",\"dateModified\":\"2026-04-03T08:35:17+00:00\",\"description\":\"Scopri la cantina Il Monte Caro, dove Emanuela e Giorgio producono vino con passione e grande attenzione al territorio e alla sostenibilit\u00e0.\",\"breadcrumb\":{\"@id\":\"https:\/\/www.paguswinetours.com\/it\/cantine\/il-monte-caro\/#breadcrumb\"},\"inLanguage\":\"it-IT\",\"potentialAction\":[{\"@type\":\"ReadAction\",\"target\":[\"https:\/\/www.paguswinetours.com\/it\/cantine\/il-monte-caro\/\"]}]},{\"@type\":\"ImageObject\",\"inLanguage\":\"it-IT\",\"@id\":\"https:\/\/www.paguswinetours.com\/it\/cantine\/il-monte-caro\/#primaryimage\",\"url\":\"https:\/\/www.paguswinetours.com\/wp-content\/uploads\/MREW0006_square.jpg\",\"contentUrl\":\"https:\/\/www.paguswinetours.com\/wp-content\/uploads\/MREW0006_square.jpg\",\"width\":1228,\"height\":1228},{\"@type\":\"BreadcrumbList\",\"@id\":\"https:\/\/www.paguswinetours.com\/it\/cantine\/il-monte-caro\/#breadcrumb\",\"itemListElement\":[{\"@type\":\"ListItem\",\"position\":1,\"name\":\"Home\",\"item\":\"https:\/\/www.paguswinetours.com\/it\/\"},{\"@type\":\"ListItem\",\"position\":2,\"name\":\"Cantine\",\"item\":\"https:\/\/www.paguswinetours.com\/it\/cantine\/\"},{\"@type\":\"ListItem\",\"position\":3,\"name\":\"Il Monte Caro\"}]},{\"@type\":\"WebSite\",\"@id\":\"https:\/\/www.paguswinetours.com\/it\/#website\",\"url\":\"https:\/\/www.paguswinetours.com\/it\/\",\"name\":\"Pagus Wine Tours\",\"description\":\"\",\"publisher\":{\"@id\":\"https:\/\/www.paguswinetours.com\/it\/#organization\"},\"potentialAction\":[{\"@type\":\"SearchAction\",\"target\":{\"@type\":\"EntryPoint\",\"urlTemplate\":\"https:\/\/www.paguswinetours.com\/it\/?s={search_term_string}\"},\"query-input\":{\"@type\":\"PropertyValueSpecification\",\"valueRequired\":true,\"valueName\":\"search_term_string\"}}],\"inLanguage\":\"it-IT\"},{\"@type\":\"Organization\",\"@id\":\"https:\/\/www.paguswinetours.com\/it\/#organization\",\"name\":\"Pagus Wine Tours\",\"url\":\"https:\/\/www.paguswinetours.com\/it\/\",\"logo\":{\"@type\":\"ImageObject\",\"inLanguage\":\"it-IT\",\"@id\":\"https:\/\/www.paguswinetours.com\/it\/#\/schema\/logo\/image\/\",\"url\":\"https:\/\/www.paguswinetours.com\/wp-content\/uploads\/logo-2-1.png\",\"contentUrl\":\"https:\/\/www.paguswinetours.com\/wp-content\/uploads\/logo-2-1.png\",\"width\":1172,\"height\":364,\"caption\":\"Pagus Wine Tours\"},\"image\":{\"@id\":\"https:\/\/www.paguswinetours.com\/it\/#\/schema\/logo\/image\/\"},\"sameAs\":[\"https:\/\/www.facebook.com\/paguswinetours\/\",\"https:\/\/www.instagram.com\/paguswinetours\/\",\"https:\/\/www.youtube.com\/channel\/UCMuOOU3pfYQT2zysLFm2u8g\"]}]}<\/script>\n<!-- \/ Yoast SEO plugin. -->","yoast_head_json":{"title":"Il Monte Caro - Pagus Wine Tours","description":"Scopri la cantina Il Monte Caro, dove Emanuela e Giorgio producono vino con passione e grande attenzione al territorio e alla sostenibilit\u00e0.","robots":{"index":"index","follow":"follow","max-snippet":"max-snippet:-1","max-image-preview":"max-image-preview:large","max-video-preview":"max-video-preview:-1"},"canonical":"https:\/\/www.paguswinetours.com\/it\/cantine\/il-monte-caro\/","og_locale":"it_IT","og_type":"article","og_title":"Il Monte Caro","og_description":"Scopri la cantina Il Monte Caro, dove Emanuela e Giorgio producono vino con passione e grande attenzione al territorio e alla sostenibilit\u00e0.","og_url":"https:\/\/www.paguswinetours.com\/it\/cantine\/il-monte-caro\/","og_site_name":"Pagus Wine Tours","article_publisher":"https:\/\/www.facebook.com\/paguswinetours\/","article_modified_time":"2026-04-03T08:35:17+00:00","og_image":[{"width":1843,"height":1228,"url":"https:\/\/www.paguswinetours.com\/wp-content\/uploads\/MREW0006.jpg","type":"image\/jpeg"}],"twitter_card":"summary_large_image","twitter_misc":{"Tempo di lettura stimato":"3 minuti"},"schema":{"@context":"https:\/\/schema.org","@graph":[{"@type":"WebPage","@id":"https:\/\/www.paguswinetours.com\/it\/cantine\/il-monte-caro\/","url":"https:\/\/www.paguswinetours.com\/it\/cantine\/il-monte-caro\/","name":"Il Monte Caro - Pagus Wine Tours","isPartOf":{"@id":"https:\/\/www.paguswinetours.com\/it\/#website"},"primaryImageOfPage":{"@id":"https:\/\/www.paguswinetours.com\/it\/cantine\/il-monte-caro\/#primaryimage"},"image":{"@id":"https:\/\/www.paguswinetours.com\/it\/cantine\/il-monte-caro\/#primaryimage"},"thumbnailUrl":"https:\/\/www.paguswinetours.com\/wp-content\/uploads\/MREW0006_square.jpg","datePublished":"2026-04-03T08:05:05+00:00","dateModified":"2026-04-03T08:35:17+00:00","description":"Scopri la cantina Il Monte Caro, dove Emanuela e Giorgio producono vino con passione e grande attenzione al territorio e alla sostenibilit\u00e0.","breadcrumb":{"@id":"https:\/\/www.paguswinetours.com\/it\/cantine\/il-monte-caro\/#breadcrumb"},"inLanguage":"it-IT","potentialAction":[{"@type":"ReadAction","target":["https:\/\/www.paguswinetours.com\/it\/cantine\/il-monte-caro\/"]}]},{"@type":"ImageObject","inLanguage":"it-IT","@id":"https:\/\/www.paguswinetours.com\/it\/cantine\/il-monte-caro\/#primaryimage","url":"https:\/\/www.paguswinetours.com\/wp-content\/uploads\/MREW0006_square.jpg","contentUrl":"https:\/\/www.paguswinetours.com\/wp-content\/uploads\/MREW0006_square.jpg","width":1228,"height":1228},{"@type":"BreadcrumbList","@id":"https:\/\/www.paguswinetours.com\/it\/cantine\/il-monte-caro\/#breadcrumb","itemListElement":[{"@type":"ListItem","position":1,"name":"Home","item":"https:\/\/www.paguswinetours.com\/it\/"},{"@type":"ListItem","position":2,"name":"Cantine","item":"https:\/\/www.paguswinetours.com\/it\/cantine\/"},{"@type":"ListItem","position":3,"name":"Il Monte Caro"}]},{"@type":"WebSite","@id":"https:\/\/www.paguswinetours.com\/it\/#website","url":"https:\/\/www.paguswinetours.com\/it\/","name":"Pagus Wine Tours","description":"","publisher":{"@id":"https:\/\/www.paguswinetours.com\/it\/#organization"},"potentialAction":[{"@type":"SearchAction","target":{"@type":"EntryPoint","urlTemplate":"https:\/\/www.paguswinetours.com\/it\/?s={search_term_string}"},"query-input":{"@type":"PropertyValueSpecification","valueRequired":true,"valueName":"search_term_string"}}],"inLanguage":"it-IT"},{"@type":"Organization","@id":"https:\/\/www.paguswinetours.com\/it\/#organization","name":"Pagus Wine Tours","url":"https:\/\/www.paguswinetours.com\/it\/","logo":{"@type":"ImageObject","inLanguage":"it-IT","@id":"https:\/\/www.paguswinetours.com\/it\/#\/schema\/logo\/image\/","url":"https:\/\/www.paguswinetours.com\/wp-content\/uploads\/logo-2-1.png","contentUrl":"https:\/\/www.paguswinetours.com\/wp-content\/uploads\/logo-2-1.png","width":1172,"height":364,"caption":"Pagus Wine Tours"},"image":{"@id":"https:\/\/www.paguswinetours.com\/it\/#\/schema\/logo\/image\/"},"sameAs":["https:\/\/www.facebook.com\/paguswinetours\/","https:\/\/www.instagram.com\/paguswinetours\/","https:\/\/www.youtube.com\/channel\/UCMuOOU3pfYQT2zysLFm2u8g"]}]}},"_links":{"self":[{"href":"https:\/\/www.paguswinetours.com\/it\/wp-json\/wp\/v2\/pages\/15924","targetHints":{"allow":["GET"]}}],"collection":[{"href":"https:\/\/www.paguswinetours.com\/it\/wp-json\/wp\/v2\/pages"}],"about":[{"href":"https:\/\/www.paguswinetours.com\/it\/wp-json\/wp\/v2\/types\/page"}],"author":[{"embeddable":true,"href":"https:\/\/www.paguswinetours.com\/it\/wp-json\/wp\/v2\/users\/4"}],"replies":[{"embeddable":true,"href":"https:\/\/www.paguswinetours.com\/it\/wp-json\/wp\/v2\/comments?post=15924"}],"version-history":[{"count":4,"href":"https:\/\/www.paguswinetours.com\/it\/wp-json\/wp\/v2\/pages\/15924\/revisions"}],"predecessor-version":[{"id":15929,"href":"https:\/\/www.paguswinetours.com\/it\/wp-json\/wp\/v2\/pages\/15924\/revisions\/15929"}],"up":[{"embeddable":true,"href":"https:\/\/www.paguswinetours.com\/it\/wp-json\/wp\/v2\/pages\/8104"}],"wp:featuredmedia":[{"embeddable":true,"href":"https:\/\/www.paguswinetours.com\/it\/wp-json\/wp\/v2\/media\/15906"}],"wp:attachment":[{"href":"https:\/\/www.paguswinetours.com\/it\/wp-json\/wp\/v2\/media?parent=15924"}],"curies":[{"name":"wp","href":"https:\/\/api.w.org\/{rel}","templated":true}]}}